{"id":3729,"date":"2024-05-15T13:23:34","date_gmt":"2024-05-15T13:23:34","guid":{"rendered":"https:\/\/malopozoriste.smashingpixel.net\/daje-se-na-znanje\/"},"modified":"2025-03-30T19:31:12","modified_gmt":"2025-03-30T19:31:12","slug":"daje-se-na-znanje","status":"publish","type":"page","link":"https:\/\/malopozoriste.smashingpixel.net\/sr-latn\/daje-se-na-znanje\/","title":{"rendered":"Daje se na znanje"},"content":{"rendered":"\t\t<div data-elementor-type=\"wp-page\" data-elementor-id=\"3729\" class=\"elementor elementor-3729 elementor-1077\" data-elementor-post-type=\"page\">\n\t\t\t\t<div class=\"elementor-element elementor-element-9d2e6b1 e-flex e-con-boxed e-con e-parent\" data-id=\"9d2e6b1\" data-element_type=\"container\" data-e-type=\"container\">\n\t\t\t\t\t<div class=\"e-con-inner\">\n\t\t\t\t<div class=\"elementor-element elementor-element-4f0927f elementor-widget elementor-widget-spacer\" data-id=\"4f0927f\" data-element_type=\"widget\" data-e-type=\"widget\" data-widget_type=\"spacer.default\">\n\t\t\t\t<div class=\"elementor-widget-container\">\n\t\t\t\t\t\t\t<div class=\"elementor-spacer\">\n\t\t\t<div class=\"elementor-spacer-inner\"><\/div>\n\t\t<\/div>\n\t\t\t\t\t\t<\/div>\n\t\t\t\t<\/div>\n\t\t\t\t<div class=\"elementor-element elementor-element-1659b35 elementor-widget elementor-widget-heading\" data-id=\"1659b35\" data-element_type=\"widget\" data-e-type=\"widget\" data-widget_type=\"heading.default\">\n\t\t\t\t<div class=\"elementor-widget-container\">\n\t\t\t\t\t<h2 class=\"elementor-heading-title elementor-size-default\">Daje se na znanje!<\/h2>\t\t\t\t<\/div>\n\t\t\t\t<\/div>\n\t\t\t\t<div class=\"elementor-element elementor-element-65459ae elementor-widget-divider--view-line elementor-widget elementor-widget-divider\" data-id=\"65459ae\" data-element_type=\"widget\" data-e-type=\"widget\" data-widget_type=\"divider.default\">\n\t\t\t\t<div class=\"elementor-widget-container\">\n\t\t\t\t\t\t\t<div class=\"elementor-divider\">\n\t\t\t<span class=\"elementor-divider-separator\">\n\t\t\t\t\t\t<\/span>\n\t\t<\/div>\n\t\t\t\t\t\t<\/div>\n\t\t\t\t<\/div>\n\t\t\t\t\t<\/div>\n\t\t\t\t<\/div>\n\t\t<div class=\"elementor-element elementor-element-ee254db e-flex e-con-boxed e-con e-parent\" data-id=\"ee254db\" data-element_type=\"container\" data-e-type=\"container\">\n\t\t\t\t\t<div class=\"e-con-inner\">\n\t\t\t\t<div class=\"elementor-element elementor-element-a79a3b0 elementor-grid-3 elementor-grid-tablet-2 elementor-grid-mobile-1 elementor-posts--thumbnail-top elementor-card-shadow-yes elementor-posts__hover-gradient elementor-widget elementor-widget-posts\" data-id=\"a79a3b0\" data-element_type=\"widget\" data-e-type=\"widget\" data-settings=\"{&quot;cards_row_gap&quot;:{&quot;unit&quot;:&quot;px&quot;,&quot;size&quot;:30,&quot;sizes&quot;:[]},&quot;cards_columns&quot;:&quot;3&quot;,&quot;cards_columns_tablet&quot;:&quot;2&quot;,&quot;cards_columns_mobile&quot;:&quot;1&quot;,&quot;cards_row_gap_tablet&quot;:{&quot;unit&quot;:&quot;px&quot;,&quot;size&quot;:&quot;&quot;,&quot;sizes&quot;:[]},&quot;cards_row_gap_mobile&quot;:{&quot;unit&quot;:&quot;px&quot;,&quot;size&quot;:&quot;&quot;,&quot;sizes&quot;:[]}}\" data-widget_type=\"posts.cards\">\n\t\t\t\t<div class=\"elementor-widget-container\">\n\t\t\t\t\t\t\t<div class=\"elementor-posts-container elementor-posts elementor-posts--skin-cards elementor-grid\" role=\"list\">\n\t\t\t\t<article class=\"elementor-post elementor-grid-item post-19707 post type-post status-publish format-standard has-post-thumbnail hentry category-uncategorized-sr-latn entry has-media\" role=\"listitem\">\n\t\t\t<div class=\"elementor-post__card\">\n\t\t\t\t<a class=\"elementor-post__thumbnail__link\" href=\"https:\/\/malopozoriste.smashingpixel.net\/sr-latn\/dve-nagrade-za-predstavu-tesla-na-kotorskom-festivalu-pozorista-za-djecu\/\" tabindex=\"-1\" ><div class=\"elementor-post__thumbnail\"><img fetchpriority=\"high\" decoding=\"async\" width=\"300\" height=\"200\" src=\"https:\/\/malopozoriste.smashingpixel.net\/wp-content\/uploads\/2026\/07\/tesla-kotor-nagrade-300x200.jpg\" class=\"attachment-medium size-medium wp-image-19691\" alt=\"\" srcset=\"https:\/\/malopozoriste.smashingpixel.net\/wp-content\/uploads\/2026\/07\/tesla-kotor-nagrade-300x200.jpg 300w, https:\/\/malopozoriste.smashingpixel.net\/wp-content\/uploads\/2026\/07\/tesla-kotor-nagrade-1024x682.jpg 1024w, https:\/\/malopozoriste.smashingpixel.net\/wp-content\/uploads\/2026\/07\/tesla-kotor-nagrade-768x512.jpg 768w, https:\/\/malopozoriste.smashingpixel.net\/wp-content\/uploads\/2026\/07\/tesla-kotor-nagrade.jpg 1280w\" sizes=\"(max-width: 300px) 100vw, 300px\" \/><\/div><\/a>\n\t\t\t\t<div class=\"elementor-post__text\">\n\t\t\t\t<h3 class=\"elementor-post__title\">\n\t\t\t<a href=\"https:\/\/malopozoriste.smashingpixel.net\/sr-latn\/dve-nagrade-za-predstavu-tesla-na-kotorskom-festivalu-pozorista-za-djecu\/\" >\n\t\t\t\tDve nagrade za predstavu \u201eTesla\u201c na Kotorskom festivalu pozori\u0161ta za djecu\t\t\t<\/a>\n\t\t<\/h3>\n\t\t\t\t<div class=\"elementor-post__excerpt\">\n\t\t\tDve nagrade za predstavu \u201eTesla\u201c na Kotorskom festivalu pozori\u0161ta za djecu Predstava \u201eTesla\u201c Malog pozori\u0161ta \u201eDu\u0161ko Radovi\u0107\u201c osvojila je dve zna\u010dajne nagrade na 34. Kotorskom\t\t<\/div>\n\t\t\t\t\t<div class=\"elementor-post__read-more-wrapper\">\n\t\t\n\t\t<a class=\"elementor-post__read-more\" href=\"https:\/\/malopozoriste.smashingpixel.net\/sr-latn\/dve-nagrade-za-predstavu-tesla-na-kotorskom-festivalu-pozorista-za-djecu\/\" aria-label=\"Read more about Dve nagrade za predstavu \u201eTesla\u201c na Kotorskom festivalu pozori\u0161ta za djecu\" tabindex=\"-1\" >\n\t\t\tPro\u010ditaj vi\u0161e\t\t<\/a>\n\n\t\t\t\t\t<\/div>\n\t\t\t\t<\/div>\n\t\t\t\t\t<\/div>\n\t\t<\/article>\n\t\t\t\t<article class=\"elementor-post elementor-grid-item post-19509 post type-post status-publish format-standard has-post-thumbnail hentry category-uncategorized-sr-latn entry has-media\" role=\"listitem\">\n\t\t\t<div class=\"elementor-post__card\">\n\t\t\t\t<a class=\"elementor-post__thumbnail__link\" href=\"https:\/\/malopozoriste.smashingpixel.net\/sr-latn\/sezona-2025-2026-je-zavrsena\/\" tabindex=\"-1\" ><div class=\"elementor-post__thumbnail\"><img decoding=\"async\" width=\"300\" height=\"169\" src=\"https:\/\/malopozoriste.smashingpixel.net\/wp-content\/uploads\/2026\/06\/kraj-sezone-lat-300x169.png\" class=\"attachment-medium size-medium wp-image-19593\" alt=\"\" srcset=\"https:\/\/malopozoriste.smashingpixel.net\/wp-content\/uploads\/2026\/06\/kraj-sezone-lat-300x169.png 300w, https:\/\/malopozoriste.smashingpixel.net\/wp-content\/uploads\/2026\/06\/kraj-sezone-lat-1024x576.png 1024w, https:\/\/malopozoriste.smashingpixel.net\/wp-content\/uploads\/2026\/06\/kraj-sezone-lat-768x432.png 768w, https:\/\/malopozoriste.smashingpixel.net\/wp-content\/uploads\/2026\/06\/kraj-sezone-lat-1536x864.png 1536w, https:\/\/malopozoriste.smashingpixel.net\/wp-content\/uploads\/2026\/06\/kraj-sezone-lat-800x450.png 800w, https:\/\/malopozoriste.smashingpixel.net\/wp-content\/uploads\/2026\/06\/kraj-sezone-lat.png 1672w\" sizes=\"(max-width: 300px) 100vw, 300px\" \/><\/div><\/a>\n\t\t\t\t<div class=\"elementor-post__text\">\n\t\t\t\t<h3 class=\"elementor-post__title\">\n\t\t\t<a href=\"https:\/\/malopozoriste.smashingpixel.net\/sr-latn\/sezona-2025-2026-je-zavrsena\/\" >\n\t\t\t\tSezona 2025\/2026 je zavr\u0161ena!\t\t\t<\/a>\n\t\t<\/h3>\n\t\t\t\t<div class=\"elementor-post__excerpt\">\n\t\t\tSezona 2025\/2026 je zavr\u0161ena! Bila je ovo ba\u0161 dobra sezona!Jurili smo na probe, premijere i gostovanja, putovali sa predstavama, osvajali nagrade, razgovarali sa decom i\t\t<\/div>\n\t\t\t\t\t<div class=\"elementor-post__read-more-wrapper\">\n\t\t\n\t\t<a class=\"elementor-post__read-more\" href=\"https:\/\/malopozoriste.smashingpixel.net\/sr-latn\/sezona-2025-2026-je-zavrsena\/\" aria-label=\"Read more about Sezona 2025\/2026 je zavr\u0161ena!\" tabindex=\"-1\" >\n\t\t\tPro\u010ditaj vi\u0161e\t\t<\/a>\n\n\t\t\t\t\t<\/div>\n\t\t\t\t<\/div>\n\t\t\t\t\t<\/div>\n\t\t<\/article>\n\t\t\t\t<article class=\"elementor-post elementor-grid-item post-18955 post type-post status-publish format-standard has-post-thumbnail hentry category-uncategorized-sr-latn entry has-media\" role=\"listitem\">\n\t\t\t<div class=\"elementor-post__card\">\n\t\t\t\t<a class=\"elementor-post__thumbnail__link\" href=\"https:\/\/malopozoriste.smashingpixel.net\/sr-latn\/priznanje-vesi-karanovic-za-izuzetan-doprinos-razvoju-umetnosti-kostimografije\/\" tabindex=\"-1\" ><div class=\"elementor-post__thumbnail\"><img decoding=\"async\" width=\"300\" height=\"200\" src=\"https:\/\/malopozoriste.smashingpixel.net\/wp-content\/uploads\/2026\/05\/vesa-priznanje-1-300x200.png\" class=\"attachment-medium size-medium wp-image-18953\" alt=\"\" srcset=\"https:\/\/malopozoriste.smashingpixel.net\/wp-content\/uploads\/2026\/05\/vesa-priznanje-1-300x200.png 300w, https:\/\/malopozoriste.smashingpixel.net\/wp-content\/uploads\/2026\/05\/vesa-priznanje-1-1024x683.png 1024w, https:\/\/malopozoriste.smashingpixel.net\/wp-content\/uploads\/2026\/05\/vesa-priznanje-1-768x512.png 768w, https:\/\/malopozoriste.smashingpixel.net\/wp-content\/uploads\/2026\/05\/vesa-priznanje-1.png 1536w\" sizes=\"(max-width: 300px) 100vw, 300px\" \/><\/div><\/a>\n\t\t\t\t<div class=\"elementor-post__text\">\n\t\t\t\t<h3 class=\"elementor-post__title\">\n\t\t\t<a href=\"https:\/\/malopozoriste.smashingpixel.net\/sr-latn\/priznanje-vesi-karanovic-za-izuzetan-doprinos-razvoju-umetnosti-kostimografije\/\" >\n\t\t\t\tPriznanje Vesi Karanovi\u0107 za izuzetan doprinos razvoju umetnosti kostimografije\t\t\t<\/a>\n\t\t<\/h3>\n\t\t\t\t<div class=\"elementor-post__excerpt\">\n\t\t\tPriznanje Vesi Karanovi\u0107 za izuzetan doprinos razvoju umetnosti kostimografije Sa ponosom u celosti prenosimo tekst priznanja koje je na\u0161oj koleginici Vesi Karanovi\u0107 dodelila Unija kostimografa\t\t<\/div>\n\t\t\t\t\t<div class=\"elementor-post__read-more-wrapper\">\n\t\t\n\t\t<a class=\"elementor-post__read-more\" href=\"https:\/\/malopozoriste.smashingpixel.net\/sr-latn\/priznanje-vesi-karanovic-za-izuzetan-doprinos-razvoju-umetnosti-kostimografije\/\" aria-label=\"Read more about Priznanje Vesi Karanovi\u0107 za izuzetan doprinos razvoju umetnosti kostimografije\" tabindex=\"-1\" >\n\t\t\tPro\u010ditaj vi\u0161e\t\t<\/a>\n\n\t\t\t\t\t<\/div>\n\t\t\t\t<\/div>\n\t\t\t\t\t<\/div>\n\t\t<\/article>\n\t\t\t\t<article class=\"elementor-post elementor-grid-item post-18768 post type-post status-publish format-standard has-post-thumbnail hentry category-uncategorized-sr-latn entry has-media\" role=\"listitem\">\n\t\t\t<div class=\"elementor-post__card\">\n\t\t\t\t<a class=\"elementor-post__thumbnail__link\" href=\"https:\/\/malopozoriste.smashingpixel.net\/sr-latn\/dalija-acin-telander-dobitnica-nagrade-grada-stokholma-za-rad-u-kulturi-sa-decom-i-mladima\/\" tabindex=\"-1\" ><div class=\"elementor-post__thumbnail\"><img loading=\"lazy\" decoding=\"async\" width=\"300\" height=\"200\" src=\"https:\/\/malopozoriste.smashingpixel.net\/wp-content\/uploads\/2026\/04\/dalija-acin-telander-300x200.png\" class=\"attachment-medium size-medium wp-image-18754\" alt=\"\" srcset=\"https:\/\/malopozoriste.smashingpixel.net\/wp-content\/uploads\/2026\/04\/dalija-acin-telander-300x200.png 300w, https:\/\/malopozoriste.smashingpixel.net\/wp-content\/uploads\/2026\/04\/dalija-acin-telander-1024x683.png 1024w, https:\/\/malopozoriste.smashingpixel.net\/wp-content\/uploads\/2026\/04\/dalija-acin-telander-768x512.png 768w, https:\/\/malopozoriste.smashingpixel.net\/wp-content\/uploads\/2026\/04\/dalija-acin-telander.png 1536w\" sizes=\"(max-width: 300px) 100vw, 300px\" \/><\/div><\/a>\n\t\t\t\t<div class=\"elementor-post__text\">\n\t\t\t\t<h3 class=\"elementor-post__title\">\n\t\t\t<a href=\"https:\/\/malopozoriste.smashingpixel.net\/sr-latn\/dalija-acin-telander-dobitnica-nagrade-grada-stokholma-za-rad-u-kulturi-sa-decom-i-mladima\/\" >\n\t\t\t\tDalija A\u0107in Telander dobitnica nagrade grada Stokholma za rad u kulturi sa decom i mladima\t\t\t<\/a>\n\t\t<\/h3>\n\t\t\t\t<div class=\"elementor-post__excerpt\">\n\t\t\tDalija A\u0107in Telander dobitnica nagrade grada Stokholma za rad u kulturi sa decom i mladima Sa velikim zadovoljstvom delimo vest da je umetnica i koreografkinja\t\t<\/div>\n\t\t\t\t\t<div class=\"elementor-post__read-more-wrapper\">\n\t\t\n\t\t<a class=\"elementor-post__read-more\" href=\"https:\/\/malopozoriste.smashingpixel.net\/sr-latn\/dalija-acin-telander-dobitnica-nagrade-grada-stokholma-za-rad-u-kulturi-sa-decom-i-mladima\/\" aria-label=\"Read more about Dalija A\u0107in Telander dobitnica nagrade grada Stokholma za rad u kulturi sa decom i mladima\" tabindex=\"-1\" >\n\t\t\tPro\u010ditaj vi\u0161e\t\t<\/a>\n\n\t\t\t\t\t<\/div>\n\t\t\t\t<\/div>\n\t\t\t\t\t<\/div>\n\t\t<\/article>\n\t\t\t\t<article class=\"elementor-post elementor-grid-item post-18206 post type-post status-publish format-standard has-post-thumbnail hentry category-uncategorized-sr-latn entry has-media\" role=\"listitem\">\n\t\t\t<div class=\"elementor-post__card\">\n\t\t\t\t<a class=\"elementor-post__thumbnail__link\" href=\"https:\/\/malopozoriste.smashingpixel.net\/sr-latn\/koncert-the-gift-of-diversity-povodom-svetskog-dana-autizma\/\" tabindex=\"-1\" ><div class=\"elementor-post__thumbnail\"><img loading=\"lazy\" decoding=\"async\" width=\"300\" height=\"300\" src=\"https:\/\/malopozoriste.smashingpixel.net\/wp-content\/uploads\/2026\/03\/moto-gift-2-300x300.png\" class=\"attachment-medium size-medium wp-image-18300\" alt=\"\" srcset=\"https:\/\/malopozoriste.smashingpixel.net\/wp-content\/uploads\/2026\/03\/moto-gift-2-300x300.png 300w, https:\/\/malopozoriste.smashingpixel.net\/wp-content\/uploads\/2026\/03\/moto-gift-2-150x150.png 150w, https:\/\/malopozoriste.smashingpixel.net\/wp-content\/uploads\/2026\/03\/moto-gift-2-768x768.png 768w, https:\/\/malopozoriste.smashingpixel.net\/wp-content\/uploads\/2026\/03\/moto-gift-2-120x120.png 120w, https:\/\/malopozoriste.smashingpixel.net\/wp-content\/uploads\/2026\/03\/moto-gift-2-600x600.png 600w, https:\/\/malopozoriste.smashingpixel.net\/wp-content\/uploads\/2026\/03\/moto-gift-2.png 1024w\" sizes=\"(max-width: 300px) 100vw, 300px\" \/><\/div><\/a>\n\t\t\t\t<div class=\"elementor-post__text\">\n\t\t\t\t<h3 class=\"elementor-post__title\">\n\t\t\t<a href=\"https:\/\/malopozoriste.smashingpixel.net\/sr-latn\/koncert-the-gift-of-diversity-povodom-svetskog-dana-autizma\/\" >\n\t\t\t\tKoncert \u201eThe Gift of Diversity\u201c povodom Svetskog dana autizma\t\t\t<\/a>\n\t\t<\/h3>\n\t\t\t\t<div class=\"elementor-post__excerpt\">\n\t\t\tKoncert \u201eThe Gift of Diversity\u201c povodom Svetskog dana autizma Povodom obele\u017eavanja Svetskog dana autizma u \u010detvrtak 2. aprila u 19 \u010dasova, u Malom pozori\u0161tu \u201eDu\u0161ko\t\t<\/div>\n\t\t\t\t\t<div class=\"elementor-post__read-more-wrapper\">\n\t\t\n\t\t<a class=\"elementor-post__read-more\" href=\"https:\/\/malopozoriste.smashingpixel.net\/sr-latn\/koncert-the-gift-of-diversity-povodom-svetskog-dana-autizma\/\" aria-label=\"Read more about Koncert \u201eThe Gift of Diversity\u201c povodom Svetskog dana autizma\" tabindex=\"-1\" >\n\t\t\tPro\u010ditaj vi\u0161e\t\t<\/a>\n\n\t\t\t\t\t<\/div>\n\t\t\t\t<\/div>\n\t\t\t\t\t<\/div>\n\t\t<\/article>\n\t\t\t\t<article class=\"elementor-post elementor-grid-item post-17958 post type-post status-publish format-standard has-post-thumbnail hentry category-uncategorized-sr-latn entry has-media\" role=\"listitem\">\n\t\t\t<div class=\"elementor-post__card\">\n\t\t\t\t<a class=\"elementor-post__thumbnail__link\" href=\"https:\/\/malopozoriste.smashingpixel.net\/sr-latn\/karneval-pozorista-za-decu-i-mlade-citav-grad-je-pozornica\/\" tabindex=\"-1\" ><div class=\"elementor-post__thumbnail\"><img loading=\"lazy\" decoding=\"async\" width=\"243\" height=\"300\" src=\"https:\/\/malopozoriste.smashingpixel.net\/wp-content\/uploads\/2026\/03\/citav-grad-je-pozornica-243x300.png\" class=\"attachment-medium size-medium wp-image-17951\" alt=\"\" srcset=\"https:\/\/malopozoriste.smashingpixel.net\/wp-content\/uploads\/2026\/03\/citav-grad-je-pozornica-243x300.png 243w, https:\/\/malopozoriste.smashingpixel.net\/wp-content\/uploads\/2026\/03\/citav-grad-je-pozornica.png 417w\" sizes=\"(max-width: 243px) 100vw, 243px\" \/><\/div><\/a>\n\t\t\t\t<div class=\"elementor-post__text\">\n\t\t\t\t<h3 class=\"elementor-post__title\">\n\t\t\t<a href=\"https:\/\/malopozoriste.smashingpixel.net\/sr-latn\/karneval-pozorista-za-decu-i-mlade-citav-grad-je-pozornica\/\" >\n\t\t\t\tKarneval pozori\u0161ta za decu i mlade \u201e\u010citav grad je pozornica\u201c\t\t\t<\/a>\n\t\t<\/h3>\n\t\t\t\t<div class=\"elementor-post__excerpt\">\n\t\t\tKarneval pozori\u0161ta za decu i mlade \u201e\u010citav grad je pozornica\u201c Svetski dan pozori\u0161ta za decu i mlade bi\u0107e obele\u017een velikim programom na Trgu republike Beograd\t\t<\/div>\n\t\t\t\t\t<div class=\"elementor-post__read-more-wrapper\">\n\t\t\n\t\t<a class=\"elementor-post__read-more\" href=\"https:\/\/malopozoriste.smashingpixel.net\/sr-latn\/karneval-pozorista-za-decu-i-mlade-citav-grad-je-pozornica\/\" aria-label=\"Read more about Karneval pozori\u0161ta za decu i mlade \u201e\u010citav grad je pozornica\u201c\" tabindex=\"-1\" >\n\t\t\tPro\u010ditaj vi\u0161e\t\t<\/a>\n\n\t\t\t\t\t<\/div>\n\t\t\t\t<\/div>\n\t\t\t\t\t<\/div>\n\t\t<\/article>\n\t\t\t\t<article class=\"elementor-post elementor-grid-item post-17940 post type-post status-publish format-standard has-post-thumbnail hentry category-uncategorized-sr-latn entry has-media\" role=\"listitem\">\n\t\t\t<div class=\"elementor-post__card\">\n\t\t\t\t<a class=\"elementor-post__thumbnail__link\" href=\"https:\/\/malopozoriste.smashingpixel.net\/sr-latn\/svetski-dan-pozorista-za-decu-i-mlade-20-mart\/\" tabindex=\"-1\" ><div class=\"elementor-post__thumbnail\"><img loading=\"lazy\" decoding=\"async\" width=\"225\" height=\"300\" src=\"https:\/\/malopozoriste.smashingpixel.net\/wp-content\/uploads\/2026\/03\/Vizual-sa-sloganom-225x300.jpg\" class=\"attachment-medium size-medium wp-image-17931\" alt=\"\" srcset=\"https:\/\/malopozoriste.smashingpixel.net\/wp-content\/uploads\/2026\/03\/Vizual-sa-sloganom-225x300.jpg 225w, https:\/\/malopozoriste.smashingpixel.net\/wp-content\/uploads\/2026\/03\/Vizual-sa-sloganom-768x1024.jpg 768w, https:\/\/malopozoriste.smashingpixel.net\/wp-content\/uploads\/2026\/03\/Vizual-sa-sloganom-1152x1536.jpg 1152w, https:\/\/malopozoriste.smashingpixel.net\/wp-content\/uploads\/2026\/03\/Vizual-sa-sloganom.jpg 1200w\" sizes=\"(max-width: 225px) 100vw, 225px\" \/><\/div><\/a>\n\t\t\t\t<div class=\"elementor-post__text\">\n\t\t\t\t<h3 class=\"elementor-post__title\">\n\t\t\t<a href=\"https:\/\/malopozoriste.smashingpixel.net\/sr-latn\/svetski-dan-pozorista-za-decu-i-mlade-20-mart\/\" >\n\t\t\t\tSvetski dan pozori\u0161ta za decu i mlade \u2014 20. mart\t\t\t<\/a>\n\t\t<\/h3>\n\t\t\t\t<div class=\"elementor-post__excerpt\">\n\t\t\tSvetski dan pozori\u0161ta za decu i mlade \u2014 20. mart Kao i svake godine, prenosimo vam poruku koja sti\u017ee iz Sekretarijata svetskog ASSITEJ-a, a koju\t\t<\/div>\n\t\t\t\t\t<div class=\"elementor-post__read-more-wrapper\">\n\t\t\n\t\t<a class=\"elementor-post__read-more\" href=\"https:\/\/malopozoriste.smashingpixel.net\/sr-latn\/svetski-dan-pozorista-za-decu-i-mlade-20-mart\/\" aria-label=\"Read more about Svetski dan pozori\u0161ta za decu i mlade \u2014 20. mart\" tabindex=\"-1\" >\n\t\t\tPro\u010ditaj vi\u0161e\t\t<\/a>\n\n\t\t\t\t\t<\/div>\n\t\t\t\t<\/div>\n\t\t\t\t\t<\/div>\n\t\t<\/article>\n\t\t\t\t<article class=\"elementor-post elementor-grid-item post-17863 post type-post status-publish format-standard has-post-thumbnail hentry category-uncategorized-sr-latn entry has-media\" role=\"listitem\">\n\t\t\t<div class=\"elementor-post__card\">\n\t\t\t\t<a class=\"elementor-post__thumbnail__link\" href=\"https:\/\/malopozoriste.smashingpixel.net\/sr-latn\/40-godina-vecernje-scene-radovic\/\" tabindex=\"-1\" ><div class=\"elementor-post__thumbnail\"><img loading=\"lazy\" decoding=\"async\" width=\"300\" height=\"169\" src=\"https:\/\/malopozoriste.smashingpixel.net\/wp-content\/uploads\/2026\/03\/vsr-clanak-naslovna-300x169.jpg\" class=\"attachment-medium size-medium wp-image-17855\" alt=\"\" srcset=\"https:\/\/malopozoriste.smashingpixel.net\/wp-content\/uploads\/2026\/03\/vsr-clanak-naslovna-300x169.jpg 300w, https:\/\/malopozoriste.smashingpixel.net\/wp-content\/uploads\/2026\/03\/vsr-clanak-naslovna-1024x576.jpg 1024w, https:\/\/malopozoriste.smashingpixel.net\/wp-content\/uploads\/2026\/03\/vsr-clanak-naslovna-768x432.jpg 768w, https:\/\/malopozoriste.smashingpixel.net\/wp-content\/uploads\/2026\/03\/vsr-clanak-naslovna-800x450.jpg 800w, https:\/\/malopozoriste.smashingpixel.net\/wp-content\/uploads\/2026\/03\/vsr-clanak-naslovna.jpg 1280w\" sizes=\"(max-width: 300px) 100vw, 300px\" \/><\/div><\/a>\n\t\t\t\t<div class=\"elementor-post__text\">\n\t\t\t\t<h3 class=\"elementor-post__title\">\n\t\t\t<a href=\"https:\/\/malopozoriste.smashingpixel.net\/sr-latn\/40-godina-vecernje-scene-radovic\/\" >\n\t\t\t\t40 GODINA VE\u010cERNJE SCENE \u201eRADOVI\u0106\u201c\t\t\t<\/a>\n\t\t<\/h3>\n\t\t\t\t<div class=\"elementor-post__excerpt\">\n\t\t\t40 GODINA VE\u010cERNJE SCENE \u201eRADOVI\u0106\u201c Ve\u010dernja scena \u201eRadovi\u0107\u201c ove godine slavi 40 godina teatra za odrasle u jednom od najva\u017enijih pozori\u0161ta za decu i mlade\t\t<\/div>\n\t\t\t\t\t<div class=\"elementor-post__read-more-wrapper\">\n\t\t\n\t\t<a class=\"elementor-post__read-more\" href=\"https:\/\/malopozoriste.smashingpixel.net\/sr-latn\/40-godina-vecernje-scene-radovic\/\" aria-label=\"Read more about 40 GODINA VE\u010cERNJE SCENE \u201eRADOVI\u0106\u201c\" tabindex=\"-1\" >\n\t\t\tPro\u010ditaj vi\u0161e\t\t<\/a>\n\n\t\t\t\t\t<\/div>\n\t\t\t\t<\/div>\n\t\t\t\t\t<\/div>\n\t\t<\/article>\n\t\t\t\t<article class=\"elementor-post elementor-grid-item post-17564 post type-post status-publish format-standard has-post-thumbnail hentry category-uncategorized-sr-latn entry has-media\" role=\"listitem\">\n\t\t\t<div class=\"elementor-post__card\">\n\t\t\t\t<a class=\"elementor-post__thumbnail__link\" href=\"https:\/\/malopozoriste.smashingpixel.net\/sr-latn\/zavrsni-koncert-projekta-the-gift-of-diversity-u-malom-pozoristu-dusko-radovic\/\" tabindex=\"-1\" ><div class=\"elementor-post__thumbnail\"><img loading=\"lazy\" decoding=\"async\" width=\"300\" height=\"169\" src=\"https:\/\/malopozoriste.smashingpixel.net\/wp-content\/uploads\/2026\/02\/Projekat-Dar-razlicitosti-2025-300x169.jpg\" class=\"attachment-medium size-medium wp-image-17558\" alt=\"\" srcset=\"https:\/\/malopozoriste.smashingpixel.net\/wp-content\/uploads\/2026\/02\/Projekat-Dar-razlicitosti-2025-300x169.jpg 300w, https:\/\/malopozoriste.smashingpixel.net\/wp-content\/uploads\/2026\/02\/Projekat-Dar-razlicitosti-2025-768x432.jpg 768w, https:\/\/malopozoriste.smashingpixel.net\/wp-content\/uploads\/2026\/02\/Projekat-Dar-razlicitosti-2025-800x450.jpg 800w, https:\/\/malopozoriste.smashingpixel.net\/wp-content\/uploads\/2026\/02\/Projekat-Dar-razlicitosti-2025.jpg 1000w\" sizes=\"(max-width: 300px) 100vw, 300px\" \/><\/div><\/a>\n\t\t\t\t<div class=\"elementor-post__text\">\n\t\t\t\t<h3 class=\"elementor-post__title\">\n\t\t\t<a href=\"https:\/\/malopozoriste.smashingpixel.net\/sr-latn\/zavrsni-koncert-projekta-the-gift-of-diversity-u-malom-pozoristu-dusko-radovic\/\" >\n\t\t\t\tZavr\u0161ni koncert projekta \u201eThe Gift of Diversity\u201c u Malom pozori\u0161tu \u201eDu\u0161ko Radovi\u0107\u201c\t\t\t<\/a>\n\t\t<\/h3>\n\t\t\t\t<div class=\"elementor-post__excerpt\">\n\t\t\tZavr\u0161ni koncert projekta \u201eThe Gift of Diversity\u201c u Malom pozori\u0161tu \u201eDu\u0161ko Radovi\u0107\u201c Zavr\u0161ni koncert projekta \u201eThe Gift of Diversity\u201c, koji se odr\u017eava 23. februara 2026.\t\t<\/div>\n\t\t\t\t\t<div class=\"elementor-post__read-more-wrapper\">\n\t\t\n\t\t<a class=\"elementor-post__read-more\" href=\"https:\/\/malopozoriste.smashingpixel.net\/sr-latn\/zavrsni-koncert-projekta-the-gift-of-diversity-u-malom-pozoristu-dusko-radovic\/\" aria-label=\"Read more about Zavr\u0161ni koncert projekta \u201eThe Gift of Diversity\u201c u Malom pozori\u0161tu \u201eDu\u0161ko Radovi\u0107\u201c\" tabindex=\"-1\" >\n\t\t\tPro\u010ditaj vi\u0161e\t\t<\/a>\n\n\t\t\t\t\t<\/div>\n\t\t\t\t<\/div>\n\t\t\t\t\t<\/div>\n\t\t<\/article>\n\t\t\t\t<article class=\"elementor-post elementor-grid-item post-17520 post type-post status-publish format-standard has-post-thumbnail hentry category-uncategorized-sr-latn entry has-media\" role=\"listitem\">\n\t\t\t<div class=\"elementor-post__card\">\n\t\t\t\t<a class=\"elementor-post__thumbnail__link\" href=\"https:\/\/malopozoriste.smashingpixel.net\/sr-latn\/premijera-predstave-krokodil-u-produkciji-opera-lab-srbija-na-maloj-sceni-malog-pozorista-dusko-radovic\/\" tabindex=\"-1\" ><div class=\"elementor-post__thumbnail\"><img loading=\"lazy\" decoding=\"async\" width=\"300\" height=\"169\" src=\"https:\/\/malopozoriste.smashingpixel.net\/wp-content\/uploads\/2026\/02\/Krokodil-plakat-sajt-300x169.jpg\" class=\"attachment-medium size-medium wp-image-17511\" alt=\"\" srcset=\"https:\/\/malopozoriste.smashingpixel.net\/wp-content\/uploads\/2026\/02\/Krokodil-plakat-sajt-300x169.jpg 300w, https:\/\/malopozoriste.smashingpixel.net\/wp-content\/uploads\/2026\/02\/Krokodil-plakat-sajt-1024x576.jpg 1024w, https:\/\/malopozoriste.smashingpixel.net\/wp-content\/uploads\/2026\/02\/Krokodil-plakat-sajt-768x432.jpg 768w, https:\/\/malopozoriste.smashingpixel.net\/wp-content\/uploads\/2026\/02\/Krokodil-plakat-sajt-800x450.jpg 800w, https:\/\/malopozoriste.smashingpixel.net\/wp-content\/uploads\/2026\/02\/Krokodil-plakat-sajt.jpg 1528w\" sizes=\"(max-width: 300px) 100vw, 300px\" \/><\/div><\/a>\n\t\t\t\t<div class=\"elementor-post__text\">\n\t\t\t\t<h3 class=\"elementor-post__title\">\n\t\t\t<a href=\"https:\/\/malopozoriste.smashingpixel.net\/sr-latn\/premijera-predstave-krokodil-u-produkciji-opera-lab-srbija-na-maloj-sceni-malog-pozorista-dusko-radovic\/\" >\n\t\t\t\tPremijera predstave \u201eKrokodil\u201c u produkciji Opera Lab (Srbija) na Maloj sceni Malog pozori\u0161ta \u201eDu\u0161ko Radovi\u0107\u201c\t\t\t<\/a>\n\t\t<\/h3>\n\t\t\t\t<div class=\"elementor-post__excerpt\">\n\t\t\tPremijera predstave \u201eKrokodil\u201c u produkciji Opera Lab (Srbija) na Maloj sceni Malog pozori\u0161ta \u201eDu\u0161ko Radovi\u0107\u201c U \u010detvrtak, 12. februara u 20 sati, na Maloj sceni\t\t<\/div>\n\t\t\t\t\t<div class=\"elementor-post__read-more-wrapper\">\n\t\t\n\t\t<a class=\"elementor-post__read-more\" href=\"https:\/\/malopozoriste.smashingpixel.net\/sr-latn\/premijera-predstave-krokodil-u-produkciji-opera-lab-srbija-na-maloj-sceni-malog-pozorista-dusko-radovic\/\" aria-label=\"Read more about Premijera predstave \u201eKrokodil\u201c u produkciji Opera Lab (Srbija) na Maloj sceni Malog pozori\u0161ta \u201eDu\u0161ko Radovi\u0107\u201c\" tabindex=\"-1\" >\n\t\t\tPro\u010ditaj vi\u0161e\t\t<\/a>\n\n\t\t\t\t\t<\/div>\n\t\t\t\t<\/div>\n\t\t\t\t\t<\/div>\n\t\t<\/article>\n\t\t\t\t<article class=\"elementor-post elementor-grid-item post-17352 post type-post status-publish format-standard has-post-thumbnail hentry category-uncategorized-sr-latn entry has-media\" role=\"listitem\">\n\t\t\t<div class=\"elementor-post__card\">\n\t\t\t\t<a class=\"elementor-post__thumbnail__link\" href=\"https:\/\/malopozoriste.smashingpixel.net\/sr-latn\/posle-vikend-predstava-24-i-25-januar%d0%b0-likovne-radionice-za-decu-u-malom-pozoristu-dusko-radovic\/\" tabindex=\"-1\" ><div class=\"elementor-post__thumbnail\"><img loading=\"lazy\" decoding=\"async\" width=\"300\" height=\"200\" src=\"https:\/\/malopozoriste.smashingpixel.net\/wp-content\/uploads\/2026\/01\/likovne-radionice-24-25-1-danica-300x200.jpg\" class=\"attachment-medium size-medium wp-image-17345\" alt=\"\" srcset=\"https:\/\/malopozoriste.smashingpixel.net\/wp-content\/uploads\/2026\/01\/likovne-radionice-24-25-1-danica-300x200.jpg 300w, https:\/\/malopozoriste.smashingpixel.net\/wp-content\/uploads\/2026\/01\/likovne-radionice-24-25-1-danica-1024x682.jpg 1024w, https:\/\/malopozoriste.smashingpixel.net\/wp-content\/uploads\/2026\/01\/likovne-radionice-24-25-1-danica-768x512.jpg 768w, https:\/\/malopozoriste.smashingpixel.net\/wp-content\/uploads\/2026\/01\/likovne-radionice-24-25-1-danica.jpg 1280w\" sizes=\"(max-width: 300px) 100vw, 300px\" \/><\/div><\/a>\n\t\t\t\t<div class=\"elementor-post__text\">\n\t\t\t\t<h3 class=\"elementor-post__title\">\n\t\t\t<a href=\"https:\/\/malopozoriste.smashingpixel.net\/sr-latn\/posle-vikend-predstava-24-i-25-januar%d0%b0-likovne-radionice-za-decu-u-malom-pozoristu-dusko-radovic\/\" >\n\t\t\t\tPosle vikend predstava 24. i 25. januar\u0430: likovne radionice za decu u Malom pozori\u0161tu \u201eDu\u0161ko Radovi\u0107\u201c\t\t\t<\/a>\n\t\t<\/h3>\n\t\t\t\t<div class=\"elementor-post__excerpt\">\n\t\t\tPosle vikend predstava 24. i 25. januar\u0430: likovne radionice za decu u Malom pozori\u0161tu \u201eDu\u0161ko Radovi\u0107\u201c \ud83c\udfa8 Dragi roditelji,Ukoliko dolazite na neku od vikend predstava\t\t<\/div>\n\t\t\t\t\t<div class=\"elementor-post__read-more-wrapper\">\n\t\t\n\t\t<a class=\"elementor-post__read-more\" href=\"https:\/\/malopozoriste.smashingpixel.net\/sr-latn\/posle-vikend-predstava-24-i-25-januar%d0%b0-likovne-radionice-za-decu-u-malom-pozoristu-dusko-radovic\/\" aria-label=\"Read more about Posle vikend predstava 24. i 25. januar\u0430: likovne radionice za decu u Malom pozori\u0161tu \u201eDu\u0161ko Radovi\u0107\u201c\" tabindex=\"-1\" >\n\t\t\tPro\u010ditaj vi\u0161e\t\t<\/a>\n\n\t\t\t\t\t<\/div>\n\t\t\t\t<\/div>\n\t\t\t\t\t<\/div>\n\t\t<\/article>\n\t\t\t\t<article class=\"elementor-post elementor-grid-item post-17013 post type-post status-publish format-standard has-post-thumbnail hentry category-uncategorized-sr-latn entry has-media\" role=\"listitem\">\n\t\t\t<div class=\"elementor-post__card\">\n\t\t\t\t<a class=\"elementor-post__thumbnail__link\" href=\"https:\/\/malopozoriste.smashingpixel.net\/sr-latn\/deca-bestragije-po-romanu-urosa-petrovica\/\" tabindex=\"-1\" ><div class=\"elementor-post__thumbnail\"><img loading=\"lazy\" decoding=\"async\" width=\"300\" height=\"235\" src=\"https:\/\/malopozoriste.smashingpixel.net\/wp-content\/uploads\/2025\/12\/Deca-bestragije-1280-720-300x235.jpg\" class=\"attachment-medium size-medium wp-image-17001\" alt=\"\" srcset=\"https:\/\/malopozoriste.smashingpixel.net\/wp-content\/uploads\/2025\/12\/Deca-bestragije-1280-720-300x235.jpg 300w, https:\/\/malopozoriste.smashingpixel.net\/wp-content\/uploads\/2025\/12\/Deca-bestragije-1280-720-768x602.jpg 768w, https:\/\/malopozoriste.smashingpixel.net\/wp-content\/uploads\/2025\/12\/Deca-bestragije-1280-720.jpg 919w\" sizes=\"(max-width: 300px) 100vw, 300px\" \/><\/div><\/a>\n\t\t\t\t<div class=\"elementor-post__text\">\n\t\t\t\t<h3 class=\"elementor-post__title\">\n\t\t\t<a href=\"https:\/\/malopozoriste.smashingpixel.net\/sr-latn\/deca-bestragije-po-romanu-urosa-petrovica\/\" >\n\t\t\t\tDECA BESTRAGIJE po romanu Uro\u0161a Petrovi\u0107a \u2014 15. decembar u 19 \u010dasova\t\t\t<\/a>\n\t\t<\/h3>\n\t\t\t\t<div class=\"elementor-post__excerpt\">\n\t\t\tDECA BESTRAGIJE po romanu Uro\u0161a Petrovi\u0107a \u2014 15. decembar u 19 \u010dasova Kompozitor: Lazar \u0110or\u0111evi\u0107Libreto: Aleksa R\u0161umovi\u0107Igraju:Narator: Filip StankovskiSrna i Oblak: Marija Miti\u0107 Vasi\u0107Plavokosa devoj\u010dica:\t\t<\/div>\n\t\t\t\t\t<div class=\"elementor-post__read-more-wrapper\">\n\t\t\n\t\t<a class=\"elementor-post__read-more\" href=\"https:\/\/malopozoriste.smashingpixel.net\/sr-latn\/deca-bestragije-po-romanu-urosa-petrovica\/\" aria-label=\"Read more about DECA BESTRAGIJE po romanu Uro\u0161a Petrovi\u0107a \u2014 15. decembar u 19 \u010dasova\" tabindex=\"-1\" >\n\t\t\tPro\u010ditaj vi\u0161e\t\t<\/a>\n\n\t\t\t\t\t<\/div>\n\t\t\t\t<\/div>\n\t\t\t\t\t<\/div>\n\t\t<\/article>\n\t\t\t\t<article class=\"elementor-post elementor-grid-item post-16486 post type-post status-publish format-standard has-post-thumbnail hentry category-uncategorized-sr-latn entry has-media\" role=\"listitem\">\n\t\t\t<div class=\"elementor-post__card\">\n\t\t\t\t<a class=\"elementor-post__thumbnail__link\" href=\"https:\/\/malopozoriste.smashingpixel.net\/sr-latn\/sjaj-zvezda-na-plafonu-osvojio-dve-nagrade-na-festivalu-dani-jurislava-korenica-u-sarajevu\/\" tabindex=\"-1\" ><div class=\"elementor-post__thumbnail\"><img loading=\"lazy\" decoding=\"async\" width=\"300\" height=\"200\" src=\"https:\/\/malopozoriste.smashingpixel.net\/wp-content\/uploads\/2025\/11\/sjaj-sarajevo-clanak-300x200.jpg\" class=\"attachment-medium size-medium wp-image-16472\" alt=\"\" srcset=\"https:\/\/malopozoriste.smashingpixel.net\/wp-content\/uploads\/2025\/11\/sjaj-sarajevo-clanak-300x200.jpg 300w, https:\/\/malopozoriste.smashingpixel.net\/wp-content\/uploads\/2025\/11\/sjaj-sarajevo-clanak-1024x682.jpg 1024w, https:\/\/malopozoriste.smashingpixel.net\/wp-content\/uploads\/2025\/11\/sjaj-sarajevo-clanak-768x512.jpg 768w, https:\/\/malopozoriste.smashingpixel.net\/wp-content\/uploads\/2025\/11\/sjaj-sarajevo-clanak.jpg 1280w\" sizes=\"(max-width: 300px) 100vw, 300px\" \/><\/div><\/a>\n\t\t\t\t<div class=\"elementor-post__text\">\n\t\t\t\t<h3 class=\"elementor-post__title\">\n\t\t\t<a href=\"https:\/\/malopozoriste.smashingpixel.net\/sr-latn\/sjaj-zvezda-na-plafonu-osvojio-dve-nagrade-na-festivalu-dani-jurislava-korenica-u-sarajevu\/\" >\n\t\t\t\t\u201eSjaj zvezda na plafonu\u201c osvojio dve nagrade na \u201eFestivalu Dani Jurislava Koreni\u0107a\u201c u Sarajevu\t\t\t<\/a>\n\t\t<\/h3>\n\t\t\t\t<div class=\"elementor-post__excerpt\">\n\t\t\t\u201eSjaj zvezda na plafonu\u201c osvojio dve nagrade na \u201eFestivalu Dani Jurislava Koreni\u0107a\u201c u Sarajevu Predstava \u00a0\u201eSjaj zvezda na plafonu\u201c u produkciji Malog pozori\u0161ta \u201eDu\u0161ko Radovi\u0107\u201c\t\t<\/div>\n\t\t\t\t\t<div class=\"elementor-post__read-more-wrapper\">\n\t\t\n\t\t<a class=\"elementor-post__read-more\" href=\"https:\/\/malopozoriste.smashingpixel.net\/sr-latn\/sjaj-zvezda-na-plafonu-osvojio-dve-nagrade-na-festivalu-dani-jurislava-korenica-u-sarajevu\/\" aria-label=\"Read more about \u201eSjaj zvezda na plafonu\u201c osvojio dve nagrade na \u201eFestivalu Dani Jurislava Koreni\u0107a\u201c u Sarajevu\" tabindex=\"-1\" >\n\t\t\tPro\u010ditaj vi\u0161e\t\t<\/a>\n\n\t\t\t\t\t<\/div>\n\t\t\t\t<\/div>\n\t\t\t\t\t<\/div>\n\t\t<\/article>\n\t\t\t\t<article class=\"elementor-post elementor-grid-item post-16122 post type-post status-publish format-standard has-post-thumbnail hentry category-uncategorized-sr-latn entry has-media\" role=\"listitem\">\n\t\t\t<div class=\"elementor-post__card\">\n\t\t\t\t<a class=\"elementor-post__thumbnail__link\" href=\"https:\/\/malopozoriste.smashingpixel.net\/sr-latn\/poziv-za-ucesce-mladih-uzrast-18-25-godina\/\" tabindex=\"-1\" ><div class=\"elementor-post__thumbnail\"><img loading=\"lazy\" decoding=\"async\" width=\"300\" height=\"231\" src=\"https:\/\/malopozoriste.smashingpixel.net\/wp-content\/uploads\/2025\/11\/Krokodil-naslovna-300x231.jpg\" class=\"attachment-medium size-medium wp-image-16111\" alt=\"\" srcset=\"https:\/\/malopozoriste.smashingpixel.net\/wp-content\/uploads\/2025\/11\/Krokodil-naslovna-300x231.jpg 300w, https:\/\/malopozoriste.smashingpixel.net\/wp-content\/uploads\/2025\/11\/Krokodil-naslovna-1024x790.jpg 1024w, https:\/\/malopozoriste.smashingpixel.net\/wp-content\/uploads\/2025\/11\/Krokodil-naslovna-768x592.jpg 768w, https:\/\/malopozoriste.smashingpixel.net\/wp-content\/uploads\/2025\/11\/Krokodil-naslovna.jpg 1080w\" sizes=\"(max-width: 300px) 100vw, 300px\" \/><\/div><\/a>\n\t\t\t\t<div class=\"elementor-post__text\">\n\t\t\t\t<h3 class=\"elementor-post__title\">\n\t\t\t<a href=\"https:\/\/malopozoriste.smashingpixel.net\/sr-latn\/poziv-za-ucesce-mladih-uzrast-18-25-godina\/\" >\n\t\t\t\tPOZIV ZA U\u010cE\u0160\u0106E MLADIH (uzrast 18\u201325 godina)\t\t\t<\/a>\n\t\t<\/h3>\n\t\t\t\t<div class=\"elementor-post__excerpt\">\n\t\t\tPOZIV ZA U\u010cE\u0160\u0106E MLADIH (uzrast 18\u201325 godina) Opera Lab (Srbija), u partnerstvu sa organizacijom\u00a0Atrium (Severna Makedonija), poziva mlade uzrasta\u00a018\u201325 godina\u00a0na prekograni\u010dnu kreativnu radionicu inspirisanu imerzivnom\t\t<\/div>\n\t\t\t\t\t<div class=\"elementor-post__read-more-wrapper\">\n\t\t\n\t\t<a class=\"elementor-post__read-more\" href=\"https:\/\/malopozoriste.smashingpixel.net\/sr-latn\/poziv-za-ucesce-mladih-uzrast-18-25-godina\/\" aria-label=\"Read more about POZIV ZA U\u010cE\u0160\u0106E MLADIH (uzrast 18\u201325 godina)\" tabindex=\"-1\" >\n\t\t\tPro\u010ditaj vi\u0161e\t\t<\/a>\n\n\t\t\t\t\t<\/div>\n\t\t\t\t<\/div>\n\t\t\t\t\t<\/div>\n\t\t<\/article>\n\t\t\t\t<article class=\"elementor-post elementor-grid-item post-15945 post type-post status-publish format-standard has-post-thumbnail hentry category-uncategorized-sr-latn entry has-media\" role=\"listitem\">\n\t\t\t<div class=\"elementor-post__card\">\n\t\t\t\t<a class=\"elementor-post__thumbnail__link\" href=\"https:\/\/malopozoriste.smashingpixel.net\/sr-latn\/76-godina-malog-pozorista-dusko-radovic\/\" tabindex=\"-1\" ><div class=\"elementor-post__thumbnail\"><img loading=\"lazy\" decoding=\"async\" width=\"300\" height=\"200\" src=\"https:\/\/malopozoriste.smashingpixel.net\/wp-content\/uploads\/2025\/10\/76-rodjendan-300x200.jpg\" class=\"attachment-medium size-medium wp-image-15922\" alt=\"\" srcset=\"https:\/\/malopozoriste.smashingpixel.net\/wp-content\/uploads\/2025\/10\/76-rodjendan-300x200.jpg 300w, https:\/\/malopozoriste.smashingpixel.net\/wp-content\/uploads\/2025\/10\/76-rodjendan-1024x682.jpg 1024w, https:\/\/malopozoriste.smashingpixel.net\/wp-content\/uploads\/2025\/10\/76-rodjendan-768x512.jpg 768w, https:\/\/malopozoriste.smashingpixel.net\/wp-content\/uploads\/2025\/10\/76-rodjendan.jpg 1280w\" sizes=\"(max-width: 300px) 100vw, 300px\" \/><\/div><\/a>\n\t\t\t\t<div class=\"elementor-post__text\">\n\t\t\t\t<h3 class=\"elementor-post__title\">\n\t\t\t<a href=\"https:\/\/malopozoriste.smashingpixel.net\/sr-latn\/76-godina-malog-pozorista-dusko-radovic\/\" >\n\t\t\t\t76 godina Malog pozori\u0161ta \u201eDu\u0161ko Radovi\u0107\u201c\t\t\t<\/a>\n\t\t<\/h3>\n\t\t\t\t<div class=\"elementor-post__excerpt\">\n\t\t\t76 godina Malog pozori\u0161ta \u201eDu\u0161ko Radovi\u0107\u201c Malo pozori\u0161te \u201eDu\u0161ko Radovi\u0107\u201c obele\u017eilo je 23. oktobra svoj 76. ro\u0111endan, dan kada je davne 1949. godine izvedena prva\t\t<\/div>\n\t\t\t\t\t<div class=\"elementor-post__read-more-wrapper\">\n\t\t\n\t\t<a class=\"elementor-post__read-more\" href=\"https:\/\/malopozoriste.smashingpixel.net\/sr-latn\/76-godina-malog-pozorista-dusko-radovic\/\" aria-label=\"Read more about 76 godina Malog pozori\u0161ta \u201eDu\u0161ko Radovi\u0107\u201c\" tabindex=\"-1\" >\n\t\t\tPro\u010ditaj vi\u0161e\t\t<\/a>\n\n\t\t\t\t\t<\/div>\n\t\t\t\t<\/div>\n\t\t\t\t\t<\/div>\n\t\t<\/article>\n\t\t\t\t<article class=\"elementor-post elementor-grid-item post-15815 post type-post status-publish format-standard has-post-thumbnail hentry category-uncategorized-sr-latn entry has-media\" role=\"listitem\">\n\t\t\t<div class=\"elementor-post__card\">\n\t\t\t\t<a class=\"elementor-post__thumbnail__link\" href=\"https:\/\/malopozoriste.smashingpixel.net\/sr-latn\/ana-the-changes-na-vecernjoj-sceni-radovic\/\" tabindex=\"-1\" ><div class=\"elementor-post__thumbnail\"><img loading=\"lazy\" decoding=\"async\" width=\"300\" height=\"195\" src=\"https:\/\/malopozoriste.smashingpixel.net\/wp-content\/uploads\/2025\/10\/Ana-The-Changes-Aleksandar-Alempijevic-300x195.jpg\" class=\"attachment-medium size-medium wp-image-15807\" alt=\"\" srcset=\"https:\/\/malopozoriste.smashingpixel.net\/wp-content\/uploads\/2025\/10\/Ana-The-Changes-Aleksandar-Alempijevic-300x195.jpg 300w, https:\/\/malopozoriste.smashingpixel.net\/wp-content\/uploads\/2025\/10\/Ana-The-Changes-Aleksandar-Alempijevic-1024x666.jpg 1024w, https:\/\/malopozoriste.smashingpixel.net\/wp-content\/uploads\/2025\/10\/Ana-The-Changes-Aleksandar-Alempijevic-768x499.jpg 768w, https:\/\/malopozoriste.smashingpixel.net\/wp-content\/uploads\/2025\/10\/Ana-The-Changes-Aleksandar-Alempijevic.jpg 1280w\" sizes=\"(max-width: 300px) 100vw, 300px\" \/><\/div><\/a>\n\t\t\t\t<div class=\"elementor-post__text\">\n\t\t\t\t<h3 class=\"elementor-post__title\">\n\t\t\t<a href=\"https:\/\/malopozoriste.smashingpixel.net\/sr-latn\/ana-the-changes-na-vecernjoj-sceni-radovic\/\" >\n\t\t\t\tAna &#038; The Changes na Ve\u010dernjoj sceni \u201eRadovi\u0107\u201c\t\t\t<\/a>\n\t\t<\/h3>\n\t\t\t\t<div class=\"elementor-post__excerpt\">\n\t\t\tAna &#038; The Changes na Ve\u010dernjoj sceni \u201eRadovi\u0107\u201c Beogradska grupa Ana &amp; The Changes poziva vas na koncert kojim obele\u017eava izlazak gramofonske plo\u010de albuma Sabiranje.\t\t<\/div>\n\t\t\t\t\t<div class=\"elementor-post__read-more-wrapper\">\n\t\t\n\t\t<a class=\"elementor-post__read-more\" href=\"https:\/\/malopozoriste.smashingpixel.net\/sr-latn\/ana-the-changes-na-vecernjoj-sceni-radovic\/\" aria-label=\"Read more about Ana &#038; The Changes na Ve\u010dernjoj sceni \u201eRadovi\u0107\u201c\" tabindex=\"-1\" >\n\t\t\tPro\u010ditaj vi\u0161e\t\t<\/a>\n\n\t\t\t\t\t<\/div>\n\t\t\t\t<\/div>\n\t\t\t\t\t<\/div>\n\t\t<\/article>\n\t\t\t\t<article class=\"elementor-post elementor-grid-item post-15626 post type-post status-publish format-standard has-post-thumbnail hentry category-uncategorized-sr-latn entry has-media\" role=\"listitem\">\n\t\t\t<div class=\"elementor-post__card\">\n\t\t\t\t<a class=\"elementor-post__thumbnail__link\" href=\"https:\/\/malopozoriste.smashingpixel.net\/sr-latn\/novogodisnja-predstava-za-decu-lola-i-mila-i-zubic-vila\/\" tabindex=\"-1\" ><div class=\"elementor-post__thumbnail\"><img loading=\"lazy\" decoding=\"async\" width=\"300\" height=\"169\" src=\"https:\/\/malopozoriste.smashingpixel.net\/wp-content\/uploads\/2025\/10\/lola-i-mila-novogodisnja-hd-za-sajt-300x169.jpg\" class=\"attachment-medium size-medium wp-image-15688\" alt=\"\" srcset=\"https:\/\/malopozoriste.smashingpixel.net\/wp-content\/uploads\/2025\/10\/lola-i-mila-novogodisnja-hd-za-sajt-300x169.jpg 300w, https:\/\/malopozoriste.smashingpixel.net\/wp-content\/uploads\/2025\/10\/lola-i-mila-novogodisnja-hd-za-sajt-1024x576.jpg 1024w, https:\/\/malopozoriste.smashingpixel.net\/wp-content\/uploads\/2025\/10\/lola-i-mila-novogodisnja-hd-za-sajt-768x432.jpg 768w, https:\/\/malopozoriste.smashingpixel.net\/wp-content\/uploads\/2025\/10\/lola-i-mila-novogodisnja-hd-za-sajt-800x450.jpg 800w, https:\/\/malopozoriste.smashingpixel.net\/wp-content\/uploads\/2025\/10\/lola-i-mila-novogodisnja-hd-za-sajt.jpg 1280w\" sizes=\"(max-width: 300px) 100vw, 300px\" \/><\/div><\/a>\n\t\t\t\t<div class=\"elementor-post__text\">\n\t\t\t\t<h3 class=\"elementor-post__title\">\n\t\t\t<a href=\"https:\/\/malopozoriste.smashingpixel.net\/sr-latn\/novogodisnja-predstava-za-decu-lola-i-mila-i-zubic-vila\/\" >\n\t\t\t\tNovogodi\u0161nja predstava za decu: \u201eLola, Mila i Zubi\u0107 Vila\u201c\t\t\t<\/a>\n\t\t<\/h3>\n\t\t\t\t<div class=\"elementor-post__excerpt\">\n\t\t\tNovogodi\u0161nja predstava za decu: \u201eLola, Mila i Zubi\u0107 Vila\u201c Pozivamo vas da zajedno ispratimo 2025. godinu uz veselu i \u010darobnu predstavu \u201eLola, Mila i Zubi\u0107\t\t<\/div>\n\t\t\t\t\t<div class=\"elementor-post__read-more-wrapper\">\n\t\t\n\t\t<a class=\"elementor-post__read-more\" href=\"https:\/\/malopozoriste.smashingpixel.net\/sr-latn\/novogodisnja-predstava-za-decu-lola-i-mila-i-zubic-vila\/\" aria-label=\"Read more about Novogodi\u0161nja predstava za decu: \u201eLola, Mila i Zubi\u0107 Vila\u201c\" tabindex=\"-1\" >\n\t\t\tPro\u010ditaj vi\u0161e\t\t<\/a>\n\n\t\t\t\t\t<\/div>\n\t\t\t\t<\/div>\n\t\t\t\t\t<\/div>\n\t\t<\/article>\n\t\t\t\t<article class=\"elementor-post elementor-grid-item post-15082 post type-post status-publish format-standard has-post-thumbnail hentry category-uncategorized-sr-latn entry has-media\" role=\"listitem\">\n\t\t\t<div class=\"elementor-post__card\">\n\t\t\t\t<a class=\"elementor-post__thumbnail__link\" href=\"https:\/\/malopozoriste.smashingpixel.net\/sr-latn\/audicija-za-mlade-glumice-za-novu-predstavu-za-decu-lola-i-mila-u-reziji-nikole-zavisica\/\" tabindex=\"-1\" ><div class=\"elementor-post__thumbnail\"><img loading=\"lazy\" decoding=\"async\" width=\"300\" height=\"169\" src=\"https:\/\/malopozoriste.smashingpixel.net\/wp-content\/uploads\/2025\/09\/Lola-i-Mila_Zubic-Vila-sajt-300x169.png\" class=\"attachment-medium size-medium wp-image-15072\" alt=\"\" srcset=\"https:\/\/malopozoriste.smashingpixel.net\/wp-content\/uploads\/2025\/09\/Lola-i-Mila_Zubic-Vila-sajt-300x169.png 300w, https:\/\/malopozoriste.smashingpixel.net\/wp-content\/uploads\/2025\/09\/Lola-i-Mila_Zubic-Vila-sajt-1024x576.png 1024w, https:\/\/malopozoriste.smashingpixel.net\/wp-content\/uploads\/2025\/09\/Lola-i-Mila_Zubic-Vila-sajt-768x432.png 768w, https:\/\/malopozoriste.smashingpixel.net\/wp-content\/uploads\/2025\/09\/Lola-i-Mila_Zubic-Vila-sajt-800x450.png 800w, https:\/\/malopozoriste.smashingpixel.net\/wp-content\/uploads\/2025\/09\/Lola-i-Mila_Zubic-Vila-sajt.png 1280w\" sizes=\"(max-width: 300px) 100vw, 300px\" \/><\/div><\/a>\n\t\t\t\t<div class=\"elementor-post__text\">\n\t\t\t\t<h3 class=\"elementor-post__title\">\n\t\t\t<a href=\"https:\/\/malopozoriste.smashingpixel.net\/sr-latn\/audicija-za-mlade-glumice-za-novu-predstavu-za-decu-lola-i-mila-u-reziji-nikole-zavisica\/\" >\n\t\t\t\tAudicija za mlade glumice za novu predstavu za decu \u201eLola i Mila\u201c u re\u017eiji Nikole Zavi\u0161i\u0107a\t\t\t<\/a>\n\t\t<\/h3>\n\t\t\t\t<div class=\"elementor-post__excerpt\">\n\t\t\tPozivamo sve zainteresovane mlade glumice i studentkinje glume do 25 godina da se prijave na audiciju za novu de\u010dju predstavu \u201eLola i Mila\u201c, u re\u017eiji\t\t<\/div>\n\t\t\t\t\t<div class=\"elementor-post__read-more-wrapper\">\n\t\t\n\t\t<a class=\"elementor-post__read-more\" href=\"https:\/\/malopozoriste.smashingpixel.net\/sr-latn\/audicija-za-mlade-glumice-za-novu-predstavu-za-decu-lola-i-mila-u-reziji-nikole-zavisica\/\" aria-label=\"Read more about Audicija za mlade glumice za novu predstavu za decu \u201eLola i Mila\u201c u re\u017eiji Nikole Zavi\u0161i\u0107a\" tabindex=\"-1\" >\n\t\t\tPro\u010ditaj vi\u0161e\t\t<\/a>\n\n\t\t\t\t\t<\/div>\n\t\t\t\t<\/div>\n\t\t\t\t\t<\/div>\n\t\t<\/article>\n\t\t\t\t<article class=\"elementor-post elementor-grid-item post-14972 post type-post status-publish format-standard has-post-thumbnail hentry category-uncategorized-sr-latn entry has-media\" role=\"listitem\">\n\t\t\t<div class=\"elementor-post__card\">\n\t\t\t\t<a class=\"elementor-post__thumbnail__link\" href=\"https:\/\/malopozoriste.smashingpixel.net\/sr-latn\/tri-nagrade-za-predstavu-tesla-malog-pozorista-dusko-radovic-na-festivalu-novi-tvrdava-teatar\/\" tabindex=\"-1\" ><div class=\"elementor-post__thumbnail\"><img loading=\"lazy\" decoding=\"async\" width=\"300\" height=\"200\" src=\"https:\/\/malopozoriste.smashingpixel.net\/wp-content\/uploads\/2025\/05\/Tesla-foto-B-Abdulovic-pzm-8-300x200.jpg\" class=\"attachment-medium size-medium wp-image-13211\" alt=\"\" srcset=\"https:\/\/malopozoriste.smashingpixel.net\/wp-content\/uploads\/2025\/05\/Tesla-foto-B-Abdulovic-pzm-8-300x200.jpg 300w, https:\/\/malopozoriste.smashingpixel.net\/wp-content\/uploads\/2025\/05\/Tesla-foto-B-Abdulovic-pzm-8-1024x682.jpg 1024w, https:\/\/malopozoriste.smashingpixel.net\/wp-content\/uploads\/2025\/05\/Tesla-foto-B-Abdulovic-pzm-8-768x512.jpg 768w, https:\/\/malopozoriste.smashingpixel.net\/wp-content\/uploads\/2025\/05\/Tesla-foto-B-Abdulovic-pzm-8.jpg 1280w\" sizes=\"(max-width: 300px) 100vw, 300px\" \/><\/div><\/a>\n\t\t\t\t<div class=\"elementor-post__text\">\n\t\t\t\t<h3 class=\"elementor-post__title\">\n\t\t\t<a href=\"https:\/\/malopozoriste.smashingpixel.net\/sr-latn\/tri-nagrade-za-predstavu-tesla-malog-pozorista-dusko-radovic-na-festivalu-novi-tvrdava-teatar\/\" >\n\t\t\t\tTri nagrade za predstavu \u201eTesla\u201c Malog pozori\u0161ta \u201eDu\u0161ko Radovi\u0107\u201c na festivalu Novi Tvr\u0111ava teatar\t\t\t<\/a>\n\t\t<\/h3>\n\t\t\t\t<div class=\"elementor-post__excerpt\">\n\t\t\tImamo sjajne vesti! Zavr\u0161eno je 12. po redu izdanje Ambijentalnog pozori\u0161nog festivala Novi Tvr\u0111ava teatar, odr\u017eano u Vili Stankovi\u0107 u \u010cortanovcima, pod sloganom \u201eNe u\u0107utkujte\t\t<\/div>\n\t\t\t\t\t<div class=\"elementor-post__read-more-wrapper\">\n\t\t\n\t\t<a class=\"elementor-post__read-more\" href=\"https:\/\/malopozoriste.smashingpixel.net\/sr-latn\/tri-nagrade-za-predstavu-tesla-malog-pozorista-dusko-radovic-na-festivalu-novi-tvrdava-teatar\/\" aria-label=\"Read more about Tri nagrade za predstavu \u201eTesla\u201c Malog pozori\u0161ta \u201eDu\u0161ko Radovi\u0107\u201c na festivalu Novi Tvr\u0111ava teatar\" tabindex=\"-1\" >\n\t\t\tPro\u010ditaj vi\u0161e\t\t<\/a>\n\n\t\t\t\t\t<\/div>\n\t\t\t\t<\/div>\n\t\t\t\t\t<\/div>\n\t\t<\/article>\n\t\t\t\t<article class=\"elementor-post elementor-grid-item post-14958 post type-post status-publish format-standard has-post-thumbnail hentry category-uncategorized-sr-latn entry has-media\" role=\"listitem\">\n\t\t\t<div class=\"elementor-post__card\">\n\t\t\t\t<a class=\"elementor-post__thumbnail__link\" href=\"https:\/\/malopozoriste.smashingpixel.net\/sr-latn\/nova-sezona-u-radovicu-pocela-je-predstavom-o-nikoli-tesli\/\" tabindex=\"-1\" ><div class=\"elementor-post__thumbnail\"><img loading=\"lazy\" decoding=\"async\" width=\"300\" height=\"204\" src=\"https:\/\/malopozoriste.smashingpixel.net\/wp-content\/uploads\/2025\/09\/Sajt-clanak-300x204.jpg\" class=\"attachment-medium size-medium wp-image-14950\" alt=\"\" srcset=\"https:\/\/malopozoriste.smashingpixel.net\/wp-content\/uploads\/2025\/09\/Sajt-clanak-300x204.jpg 300w, https:\/\/malopozoriste.smashingpixel.net\/wp-content\/uploads\/2025\/09\/Sajt-clanak-1024x696.jpg 1024w, https:\/\/malopozoriste.smashingpixel.net\/wp-content\/uploads\/2025\/09\/Sajt-clanak-768x522.jpg 768w, https:\/\/malopozoriste.smashingpixel.net\/wp-content\/uploads\/2025\/09\/Sajt-clanak.jpg 1280w\" sizes=\"(max-width: 300px) 100vw, 300px\" \/><\/div><\/a>\n\t\t\t\t<div class=\"elementor-post__text\">\n\t\t\t\t<h3 class=\"elementor-post__title\">\n\t\t\t<a href=\"https:\/\/malopozoriste.smashingpixel.net\/sr-latn\/nova-sezona-u-radovicu-pocela-je-predstavom-o-nikoli-tesli\/\" >\n\t\t\t\tNova sezona u Radovi\u0107u po\u010dela je predstavom o Nikoli Tesli!\t\t\t<\/a>\n\t\t<\/h3>\n\t\t\t\t<div class=\"elementor-post__excerpt\">\n\t\t\tMalom pozori\u0161tu \u201eDu\u0161ko Radovi\u0107\u201c nova pozori\u0161na sezona po\u010dela je upe\u010datljivo \u2013 gostovanjem na\u0161e najnovije produkcije za mlade, predstave \u201eTesla\u201c, na festivalu Novi tvr\u0111ava teatar, odr\u017eanom\t\t<\/div>\n\t\t\t\t\t<div class=\"elementor-post__read-more-wrapper\">\n\t\t\n\t\t<a class=\"elementor-post__read-more\" href=\"https:\/\/malopozoriste.smashingpixel.net\/sr-latn\/nova-sezona-u-radovicu-pocela-je-predstavom-o-nikoli-tesli\/\" aria-label=\"Read more about Nova sezona u Radovi\u0107u po\u010dela je predstavom o Nikoli Tesli!\" tabindex=\"-1\" >\n\t\t\tPro\u010ditaj vi\u0161e\t\t<\/a>\n\n\t\t\t\t\t<\/div>\n\t\t\t\t<\/div>\n\t\t\t\t\t<\/div>\n\t\t<\/article>\n\t\t\t\t<article class=\"elementor-post elementor-grid-item post-14745 post type-post status-publish format-standard has-post-thumbnail hentry category-uncategorized-sr-latn entry has-media\" role=\"listitem\">\n\t\t\t<div class=\"elementor-post__card\">\n\t\t\t\t<a class=\"elementor-post__thumbnail__link\" href=\"https:\/\/malopozoriste.smashingpixel.net\/sr-latn\/in-memoriam-%d0%b4%d0%b0%d1%80%d0%ba%d0%be-%d0%b2%d1%80%d0%b1%d1%9a%d0%b0%d0%ba-1962-2025\/\" tabindex=\"-1\" ><div class=\"elementor-post__thumbnail\"><img loading=\"lazy\" decoding=\"async\" width=\"210\" height=\"300\" src=\"https:\/\/malopozoriste.smashingpixel.net\/wp-content\/uploads\/2025\/08\/Darko-Vrbnjak-210x300.jpg\" class=\"attachment-medium size-medium wp-image-14735\" alt=\"\" srcset=\"https:\/\/malopozoriste.smashingpixel.net\/wp-content\/uploads\/2025\/08\/Darko-Vrbnjak-210x300.jpg 210w, https:\/\/malopozoriste.smashingpixel.net\/wp-content\/uploads\/2025\/08\/Darko-Vrbnjak.jpg 350w\" sizes=\"(max-width: 210px) 100vw, 210px\" \/><\/div><\/a>\n\t\t\t\t<div class=\"elementor-post__text\">\n\t\t\t\t<h3 class=\"elementor-post__title\">\n\t\t\t<a href=\"https:\/\/malopozoriste.smashingpixel.net\/sr-latn\/in-memoriam-%d0%b4%d0%b0%d1%80%d0%ba%d0%be-%d0%b2%d1%80%d0%b1%d1%9a%d0%b0%d0%ba-1962-2025\/\" >\n\t\t\t\tIN MEMORIAM \u0414\u0430\u0440\u043a\u043e \u0412\u0440\u0431\u045a\u0430\u043a 1962\u20132025\t\t\t<\/a>\n\t\t<\/h3>\n\t\t\t\t<div class=\"elementor-post__excerpt\">\n\t\t\tSa tugom vas obave\u0161tavamo da je iznenada preminuo na\u0161 dragi kolega Darko Vrbnjak.Svojom dobrotom, predanim radom, velikim srcem, toplim osmehom i ljubazno\u0161\u0107u, ostavio je neizbrisiv\t\t<\/div>\n\t\t\t\t\t<div class=\"elementor-post__read-more-wrapper\">\n\t\t\n\t\t<a class=\"elementor-post__read-more\" href=\"https:\/\/malopozoriste.smashingpixel.net\/sr-latn\/in-memoriam-%d0%b4%d0%b0%d1%80%d0%ba%d0%be-%d0%b2%d1%80%d0%b1%d1%9a%d0%b0%d0%ba-1962-2025\/\" aria-label=\"Read more about IN MEMORIAM \u0414\u0430\u0440\u043a\u043e \u0412\u0440\u0431\u045a\u0430\u043a 1962\u20132025\" tabindex=\"-1\" >\n\t\t\tPro\u010ditaj vi\u0161e\t\t<\/a>\n\n\t\t\t\t\t<\/div>\n\t\t\t\t<\/div>\n\t\t\t\t\t<\/div>\n\t\t<\/article>\n\t\t\t\t<article class=\"elementor-post elementor-grid-item post-14711 post type-post status-publish format-standard has-post-thumbnail hentry category-uncategorized-sr-latn entry has-media\" role=\"listitem\">\n\t\t\t<div class=\"elementor-post__card\">\n\t\t\t\t<a class=\"elementor-post__thumbnail__link\" href=\"https:\/\/malopozoriste.smashingpixel.net\/sr-latn\/sezona-2024-25-jedna-posebna-godina-u-pozoristu\/\" tabindex=\"-1\" ><div class=\"elementor-post__thumbnail\"><img loading=\"lazy\" decoding=\"async\" width=\"300\" height=\"200\" src=\"https:\/\/malopozoriste.smashingpixel.net\/wp-content\/uploads\/2025\/07\/Fotografije-publike-Belkisa-Abdulovic-3-300x200.jpg\" class=\"attachment-medium size-medium wp-image-14697\" alt=\"\" srcset=\"https:\/\/malopozoriste.smashingpixel.net\/wp-content\/uploads\/2025\/07\/Fotografije-publike-Belkisa-Abdulovic-3-300x200.jpg 300w, https:\/\/malopozoriste.smashingpixel.net\/wp-content\/uploads\/2025\/07\/Fotografije-publike-Belkisa-Abdulovic-3-1024x682.jpg 1024w, https:\/\/malopozoriste.smashingpixel.net\/wp-content\/uploads\/2025\/07\/Fotografije-publike-Belkisa-Abdulovic-3-768x512.jpg 768w, https:\/\/malopozoriste.smashingpixel.net\/wp-content\/uploads\/2025\/07\/Fotografije-publike-Belkisa-Abdulovic-3.jpg 1280w\" sizes=\"(max-width: 300px) 100vw, 300px\" \/><\/div><\/a>\n\t\t\t\t<div class=\"elementor-post__text\">\n\t\t\t\t<h3 class=\"elementor-post__title\">\n\t\t\t<a href=\"https:\/\/malopozoriste.smashingpixel.net\/sr-latn\/sezona-2024-25-jedna-posebna-godina-u-pozoristu\/\" >\n\t\t\t\tSezona 2024\/25 \u2013 jedna posebna godina u pozori\u0161tu!\t\t\t<\/a>\n\t\t<\/h3>\n\t\t\t\t<div class=\"elementor-post__excerpt\">\n\t\t\tSezona 2024\/25 \u2013 jedna posebna godina u pozori\u0161tu! Po\u0161tovana deco i odrasli,Upravo je zavr\u0161ena sezona 2024\/2025, i dok sklanjamo poslednju scenografiju, bri\u0161emo ogledala u garderobama\t\t<\/div>\n\t\t\t\t\t<div class=\"elementor-post__read-more-wrapper\">\n\t\t\n\t\t<a class=\"elementor-post__read-more\" href=\"https:\/\/malopozoriste.smashingpixel.net\/sr-latn\/sezona-2024-25-jedna-posebna-godina-u-pozoristu\/\" aria-label=\"Read more about Sezona 2024\/25 \u2013 jedna posebna godina u pozori\u0161tu!\" tabindex=\"-1\" >\n\t\t\tPro\u010ditaj vi\u0161e\t\t<\/a>\n\n\t\t\t\t\t<\/div>\n\t\t\t\t<\/div>\n\t\t\t\t\t<\/div>\n\t\t<\/article>\n\t\t\t\t<article class=\"elementor-post elementor-grid-item post-14594 post type-post status-publish format-standard has-post-thumbnail hentry category-uncategorized-sr-latn entry has-media\" role=\"listitem\">\n\t\t\t<div class=\"elementor-post__card\">\n\t\t\t\t<a class=\"elementor-post__thumbnail__link\" href=\"https:\/\/malopozoriste.smashingpixel.net\/sr-latn\/predstava-sjaj-zvezda-na-plafonu-osvojila-cetiri-nagrade-na-33-kotorskom-festivalu-pozorista-za-djecu\/\" tabindex=\"-1\" ><div class=\"elementor-post__thumbnail\"><img loading=\"lazy\" decoding=\"async\" width=\"300\" height=\"200\" src=\"https:\/\/malopozoriste.smashingpixel.net\/wp-content\/uploads\/2024\/09\/Sjaj-zvezda-na-plafonu-39-300x200.jpg\" class=\"attachment-medium size-medium wp-image-4721\" alt=\"\" srcset=\"https:\/\/malopozoriste.smashingpixel.net\/wp-content\/uploads\/2024\/09\/Sjaj-zvezda-na-plafonu-39-300x200.jpg 300w, https:\/\/malopozoriste.smashingpixel.net\/wp-content\/uploads\/2024\/09\/Sjaj-zvezda-na-plafonu-39-1024x683.jpg 1024w, https:\/\/malopozoriste.smashingpixel.net\/wp-content\/uploads\/2024\/09\/Sjaj-zvezda-na-plafonu-39-768x512.jpg 768w, https:\/\/malopozoriste.smashingpixel.net\/wp-content\/uploads\/2024\/09\/Sjaj-zvezda-na-plafonu-39-1536x1024.jpg 1536w, https:\/\/malopozoriste.smashingpixel.net\/wp-content\/uploads\/2024\/09\/Sjaj-zvezda-na-plafonu-39-2048x1365.jpg 2048w\" sizes=\"(max-width: 300px) 100vw, 300px\" \/><\/div><\/a>\n\t\t\t\t<div class=\"elementor-post__text\">\n\t\t\t\t<h3 class=\"elementor-post__title\">\n\t\t\t<a href=\"https:\/\/malopozoriste.smashingpixel.net\/sr-latn\/predstava-sjaj-zvezda-na-plafonu-osvojila-cetiri-nagrade-na-33-kotorskom-festivalu-pozorista-za-djecu\/\" >\n\t\t\t\tPredstava \u201eSjaj zvezda na plafonu\u201c osvojila \u010detiri nagrade na 33. Kotorskom festivalu pozori\u0161ta za djecu\t\t\t<\/a>\n\t\t<\/h3>\n\t\t\t\t<div class=\"elementor-post__excerpt\">\n\t\t\tPredstava \u201eSjaj zvezda na plafonu\u201c osvojila \u010detiri nagrade na 33. Kotorskom festivalu pozori\u0161ta za djecu Na upravo zavr\u0161enom 33. Kotorskom festivalu pozori\u0161ta za djecu, predstava\t\t<\/div>\n\t\t\t\t\t<div class=\"elementor-post__read-more-wrapper\">\n\t\t\n\t\t<a class=\"elementor-post__read-more\" href=\"https:\/\/malopozoriste.smashingpixel.net\/sr-latn\/predstava-sjaj-zvezda-na-plafonu-osvojila-cetiri-nagrade-na-33-kotorskom-festivalu-pozorista-za-djecu\/\" aria-label=\"Read more about Predstava \u201eSjaj zvezda na plafonu\u201c osvojila \u010detiri nagrade na 33. Kotorskom festivalu pozori\u0161ta za djecu\" tabindex=\"-1\" >\n\t\t\tPro\u010ditaj vi\u0161e\t\t<\/a>\n\n\t\t\t\t\t<\/div>\n\t\t\t\t<\/div>\n\t\t\t\t\t<\/div>\n\t\t<\/article>\n\t\t\t\t<article class=\"elementor-post elementor-grid-item post-13204 post type-post status-publish format-standard has-post-thumbnail hentry category-uncategorized-sr-latn entry has-media\" role=\"listitem\">\n\t\t\t<div class=\"elementor-post__card\">\n\t\t\t\t<a class=\"elementor-post__thumbnail__link\" href=\"https:\/\/malopozoriste.smashingpixel.net\/sr-latn\/premijera-predstave-tesla-i-vikend-posvecen-nauci\/\" tabindex=\"-1\" ><div class=\"elementor-post__thumbnail\"><img loading=\"lazy\" decoding=\"async\" width=\"300\" height=\"200\" src=\"https:\/\/malopozoriste.smashingpixel.net\/wp-content\/uploads\/2025\/05\/Tesla-foto-B-Abdulovic-pzm-28-300x200.jpg\" class=\"attachment-medium size-medium wp-image-13197\" alt=\"\" srcset=\"https:\/\/malopozoriste.smashingpixel.net\/wp-content\/uploads\/2025\/05\/Tesla-foto-B-Abdulovic-pzm-28-300x200.jpg 300w, https:\/\/malopozoriste.smashingpixel.net\/wp-content\/uploads\/2025\/05\/Tesla-foto-B-Abdulovic-pzm-28-1024x682.jpg 1024w, https:\/\/malopozoriste.smashingpixel.net\/wp-content\/uploads\/2025\/05\/Tesla-foto-B-Abdulovic-pzm-28-768x512.jpg 768w, https:\/\/malopozoriste.smashingpixel.net\/wp-content\/uploads\/2025\/05\/Tesla-foto-B-Abdulovic-pzm-28.jpg 1280w\" sizes=\"(max-width: 300px) 100vw, 300px\" \/><\/div><\/a>\n\t\t\t\t<div class=\"elementor-post__text\">\n\t\t\t\t<h3 class=\"elementor-post__title\">\n\t\t\t<a href=\"https:\/\/malopozoriste.smashingpixel.net\/sr-latn\/premijera-predstave-tesla-i-vikend-posvecen-nauci\/\" >\n\t\t\t\tPremijera predstave \u201eTesla\u201c i vikend posve\u0107en nauci\t\t\t<\/a>\n\t\t<\/h3>\n\t\t\t\t<div class=\"elementor-post__excerpt\">\n\t\t\tPremijera predstave \u201eTesla\u201c i vikend posve\u0107en nauci Predstoje\u0107i vikend u Malom pozori\u0161tu \u201eDu\u0161ko Radovi\u0107\u201c donosi uzbu\u0111enje, inspiraciju i susret sa naukom kroz umetnost. Sa velikim\t\t<\/div>\n\t\t\t\t\t<div class=\"elementor-post__read-more-wrapper\">\n\t\t\n\t\t<a class=\"elementor-post__read-more\" href=\"https:\/\/malopozoriste.smashingpixel.net\/sr-latn\/premijera-predstave-tesla-i-vikend-posvecen-nauci\/\" aria-label=\"Read more about Premijera predstave \u201eTesla\u201c i vikend posve\u0107en nauci\" tabindex=\"-1\" >\n\t\t\tPro\u010ditaj vi\u0161e\t\t<\/a>\n\n\t\t\t\t\t<\/div>\n\t\t\t\t<\/div>\n\t\t\t\t\t<\/div>\n\t\t<\/article>\n\t\t\t\t<article class=\"elementor-post elementor-grid-item post-12861 post type-post status-publish format-standard has-post-thumbnail hentry category-uncategorized-sr-latn entry has-media\" role=\"listitem\">\n\t\t\t<div class=\"elementor-post__card\">\n\t\t\t\t<a class=\"elementor-post__thumbnail__link\" href=\"https:\/\/malopozoriste.smashingpixel.net\/sr-latn\/3-maj-i-audicija-za-mlade-glumce-i-glumice-do-25-godina-za-novu-pozorisnu-predstavu-ako-pcele-nestanu-sa-lica-zemlje-u-reziji-anje-suse\/\" tabindex=\"-1\" ><div class=\"elementor-post__thumbnail\"><img loading=\"lazy\" decoding=\"async\" width=\"300\" height=\"214\" src=\"https:\/\/malopozoriste.smashingpixel.net\/wp-content\/uploads\/2025\/04\/Sajt-audicija-300x214.png\" class=\"attachment-medium size-medium wp-image-12859\" alt=\"\" srcset=\"https:\/\/malopozoriste.smashingpixel.net\/wp-content\/uploads\/2025\/04\/Sajt-audicija-300x214.png 300w, https:\/\/malopozoriste.smashingpixel.net\/wp-content\/uploads\/2025\/04\/Sajt-audicija-768x548.png 768w, https:\/\/malopozoriste.smashingpixel.net\/wp-content\/uploads\/2025\/04\/Sajt-audicija.png 1024w\" sizes=\"(max-width: 300px) 100vw, 300px\" \/><\/div><\/a>\n\t\t\t\t<div class=\"elementor-post__text\">\n\t\t\t\t<h3 class=\"elementor-post__title\">\n\t\t\t<a href=\"https:\/\/malopozoriste.smashingpixel.net\/sr-latn\/3-maj-i-audicija-za-mlade-glumce-i-glumice-do-25-godina-za-novu-pozorisnu-predstavu-ako-pcele-nestanu-sa-lica-zemlje-u-reziji-anje-suse\/\" >\n\t\t\t\tAudicija za mlade glumce i glumice do 25 godina za novu pozori\u0161nu predstavu \u201eAko p\u010dele nestanu sa lica zemlje\u201c u re\u017eiji Anje Su\u0161e\t\t\t<\/a>\n\t\t<\/h3>\n\t\t\t\t<div class=\"elementor-post__excerpt\">\n\t\t\tAudicija za mlade glumce i glumice do 25 godina za novu pozori\u0161nu predstavu \u201eAko p\u010dele nestanu sa lica zemlje\u201c u re\u017eiji Anje Su\u0161e Re\u017eija: Anja\t\t<\/div>\n\t\t\t\t\t<div class=\"elementor-post__read-more-wrapper\">\n\t\t\n\t\t<a class=\"elementor-post__read-more\" href=\"https:\/\/malopozoriste.smashingpixel.net\/sr-latn\/3-maj-i-audicija-za-mlade-glumce-i-glumice-do-25-godina-za-novu-pozorisnu-predstavu-ako-pcele-nestanu-sa-lica-zemlje-u-reziji-anje-suse\/\" aria-label=\"Read more about Audicija za mlade glumce i glumice do 25 godina za novu pozori\u0161nu predstavu \u201eAko p\u010dele nestanu sa lica zemlje\u201c u re\u017eiji Anje Su\u0161e\" tabindex=\"-1\" >\n\t\t\tPro\u010ditaj vi\u0161e\t\t<\/a>\n\n\t\t\t\t\t<\/div>\n\t\t\t\t<\/div>\n\t\t\t\t\t<\/div>\n\t\t<\/article>\n\t\t\t\t<article class=\"elementor-post elementor-grid-item post-12098 post type-post status-publish format-standard has-post-thumbnail hentry category-uncategorized-sr-latn entry has-media\" role=\"listitem\">\n\t\t\t<div class=\"elementor-post__card\">\n\t\t\t\t<a class=\"elementor-post__thumbnail__link\" href=\"https:\/\/malopozoriste.smashingpixel.net\/sr-latn\/21-mart-i-svetski-dan-lutkarstva\/\" tabindex=\"-1\" ><div class=\"elementor-post__thumbnail\"><img loading=\"lazy\" decoding=\"async\" width=\"300\" height=\"200\" src=\"https:\/\/malopozoriste.smashingpixel.net\/wp-content\/uploads\/2025\/03\/Snezna-kraljica-foto-Jelena-Jankovic-8-300x200.gif\" class=\"attachment-medium size-medium wp-image-12084\" alt=\"\" srcset=\"https:\/\/malopozoriste.smashingpixel.net\/wp-content\/uploads\/2025\/03\/Snezna-kraljica-foto-Jelena-Jankovic-8-300x200.gif 300w, https:\/\/malopozoriste.smashingpixel.net\/wp-content\/uploads\/2025\/03\/Snezna-kraljica-foto-Jelena-Jankovic-8-1024x683.gif 1024w, https:\/\/malopozoriste.smashingpixel.net\/wp-content\/uploads\/2025\/03\/Snezna-kraljica-foto-Jelena-Jankovic-8-768x512.gif 768w\" sizes=\"(max-width: 300px) 100vw, 300px\" \/><\/div><\/a>\n\t\t\t\t<div class=\"elementor-post__text\">\n\t\t\t\t<h3 class=\"elementor-post__title\">\n\t\t\t<a href=\"https:\/\/malopozoriste.smashingpixel.net\/sr-latn\/21-mart-i-svetski-dan-lutkarstva\/\" >\n\t\t\t\t21. mart I Svetski dan lutkarstva\t\t\t<\/a>\n\t\t<\/h3>\n\t\t\t\t<div class=\"elementor-post__excerpt\">\n\t\t\tSvetski dan lutkarstva obele\u017eava se 21. marta svake godine kako bi se istakla va\u017enost ove umetnosti i njen uticaj na kulturu i kreativnost. Lutkarstvo spaja\t\t<\/div>\n\t\t\t\t\t<div class=\"elementor-post__read-more-wrapper\">\n\t\t\n\t\t<a class=\"elementor-post__read-more\" href=\"https:\/\/malopozoriste.smashingpixel.net\/sr-latn\/21-mart-i-svetski-dan-lutkarstva\/\" aria-label=\"Read more about 21. mart I Svetski dan lutkarstva\" tabindex=\"-1\" >\n\t\t\tPro\u010ditaj vi\u0161e\t\t<\/a>\n\n\t\t\t\t\t<\/div>\n\t\t\t\t<\/div>\n\t\t\t\t\t<\/div>\n\t\t<\/article>\n\t\t\t\t<article class=\"elementor-post elementor-grid-item post-11842 post type-post status-publish format-standard has-post-thumbnail hentry category-uncategorized-sr-latn entry has-media\" role=\"listitem\">\n\t\t\t<div class=\"elementor-post__card\">\n\t\t\t\t<a class=\"elementor-post__thumbnail__link\" href=\"https:\/\/malopozoriste.smashingpixel.net\/sr-latn\/20-%d0%bc%d0%b0%d1%80%d1%82-i-%d1%81%d0%b2%d0%b5%d1%82%d1%81%d0%ba%d0%b8-%d0%b4%d0%b0%d0%bd-%d0%bf%d0%be%d0%b7%d0%be%d1%80%d0%b8%d1%88%d1%82%d0%b0-%d0%b7%d0%b0-%d0%b4%d0%b5%d1%86%d1%83-%d0%b8-%d0%bc\/\" tabindex=\"-1\" ><div class=\"elementor-post__thumbnail\"><img loading=\"lazy\" decoding=\"async\" width=\"300\" height=\"199\" src=\"https:\/\/malopozoriste.smashingpixel.net\/wp-content\/uploads\/2025\/03\/Diana-K-Tepavac-300x199.jpg\" class=\"attachment-medium size-medium wp-image-11843\" alt=\"\" srcset=\"https:\/\/malopozoriste.smashingpixel.net\/wp-content\/uploads\/2025\/03\/Diana-K-Tepavac-300x199.jpg 300w, https:\/\/malopozoriste.smashingpixel.net\/wp-content\/uploads\/2025\/03\/Diana-K-Tepavac-1024x678.jpg 1024w, https:\/\/malopozoriste.smashingpixel.net\/wp-content\/uploads\/2025\/03\/Diana-K-Tepavac-768x508.jpg 768w, https:\/\/malopozoriste.smashingpixel.net\/wp-content\/uploads\/2025\/03\/Diana-K-Tepavac.jpg 1280w\" sizes=\"(max-width: 300px) 100vw, 300px\" \/><\/div><\/a>\n\t\t\t\t<div class=\"elementor-post__text\">\n\t\t\t\t<h3 class=\"elementor-post__title\">\n\t\t\t<a href=\"https:\/\/malopozoriste.smashingpixel.net\/sr-latn\/20-%d0%bc%d0%b0%d1%80%d1%82-i-%d1%81%d0%b2%d0%b5%d1%82%d1%81%d0%ba%d0%b8-%d0%b4%d0%b0%d0%bd-%d0%bf%d0%be%d0%b7%d0%be%d1%80%d0%b8%d1%88%d1%82%d0%b0-%d0%b7%d0%b0-%d0%b4%d0%b5%d1%86%d1%83-%d0%b8-%d0%bc\/\" >\n\t\t\t\t20. mart I Svetski dan pozori\u0161ta za decu i mlade\t\t\t<\/a>\n\t\t<\/h3>\n\t\t\t\t<div class=\"elementor-post__excerpt\">\n\t\t\tOve godine je poruku povodom Svetskog dana pozori\u0161ta za decu i mlade ispred Assitej-a Srbija napisala Diana Kr\u017eani\u0107 Tepavac, po\u010dasna \u010dlanica Udru\u017eenja i doskora\u0161nja predsednica\t\t<\/div>\n\t\t\t\t\t<div class=\"elementor-post__read-more-wrapper\">\n\t\t\n\t\t<a class=\"elementor-post__read-more\" href=\"https:\/\/malopozoriste.smashingpixel.net\/sr-latn\/20-%d0%bc%d0%b0%d1%80%d1%82-i-%d1%81%d0%b2%d0%b5%d1%82%d1%81%d0%ba%d0%b8-%d0%b4%d0%b0%d0%bd-%d0%bf%d0%be%d0%b7%d0%be%d1%80%d0%b8%d1%88%d1%82%d0%b0-%d0%b7%d0%b0-%d0%b4%d0%b5%d1%86%d1%83-%d0%b8-%d0%bc\/\" aria-label=\"Read more about 20. mart I Svetski dan pozori\u0161ta za decu i mlade\" tabindex=\"-1\" >\n\t\t\tPro\u010ditaj vi\u0161e\t\t<\/a>\n\n\t\t\t\t\t<\/div>\n\t\t\t\t<\/div>\n\t\t\t\t\t<\/div>\n\t\t<\/article>\n\t\t\t\t<article class=\"elementor-post elementor-grid-item post-11476 post type-post status-publish format-standard has-post-thumbnail hentry category-uncategorized-sr-latn entry has-media\" role=\"listitem\">\n\t\t\t<div class=\"elementor-post__card\">\n\t\t\t\t<a class=\"elementor-post__thumbnail__link\" href=\"https:\/\/malopozoriste.smashingpixel.net\/sr-latn\/andeli-zive-doveka-u-znak-secanja-na-adrianu-dukic\/\" tabindex=\"-1\" ><div class=\"elementor-post__thumbnail\"><img loading=\"lazy\" decoding=\"async\" width=\"237\" height=\"300\" src=\"https:\/\/malopozoriste.smashingpixel.net\/wp-content\/uploads\/2025\/02\/IMG_3658-237x300.jpeg\" class=\"attachment-medium size-medium wp-image-11462\" alt=\"\" srcset=\"https:\/\/malopozoriste.smashingpixel.net\/wp-content\/uploads\/2025\/02\/IMG_3658-237x300.jpeg 237w, https:\/\/malopozoriste.smashingpixel.net\/wp-content\/uploads\/2025\/02\/IMG_3658-810x1024.jpeg 810w, https:\/\/malopozoriste.smashingpixel.net\/wp-content\/uploads\/2025\/02\/IMG_3658-768x971.jpeg 768w, https:\/\/malopozoriste.smashingpixel.net\/wp-content\/uploads\/2025\/02\/IMG_3658-1215x1536.jpeg 1215w, https:\/\/malopozoriste.smashingpixel.net\/wp-content\/uploads\/2025\/02\/IMG_3658.jpeg 1266w\" sizes=\"(max-width: 237px) 100vw, 237px\" \/><\/div><\/a>\n\t\t\t\t<div class=\"elementor-post__text\">\n\t\t\t\t<h3 class=\"elementor-post__title\">\n\t\t\t<a href=\"https:\/\/malopozoriste.smashingpixel.net\/sr-latn\/andeli-zive-doveka-u-znak-secanja-na-adrianu-dukic\/\" >\n\t\t\t\t\u201eAn\u0111eli \u017eive doveka\u201c u znak se\u0107anja na Adrianu Duki\u0107\t\t\t<\/a>\n\t\t<\/h3>\n\t\t\t\t<div class=\"elementor-post__excerpt\">\n\t\t\tSino\u0107 je u na\u0161em pozori\u0161tu odr\u017eano jedno posebno muzi\u010dko-folklorno-poetsko ve\u010de \u201eAn\u0111eli \u017eive doveka\u201c, u znak se\u0107anja na divnu i posebnu devoj\u010dicu po imenu Adriana Duki\u0107.Adrianina\t\t<\/div>\n\t\t\t\t\t<div class=\"elementor-post__read-more-wrapper\">\n\t\t\n\t\t<a class=\"elementor-post__read-more\" href=\"https:\/\/malopozoriste.smashingpixel.net\/sr-latn\/andeli-zive-doveka-u-znak-secanja-na-adrianu-dukic\/\" aria-label=\"Read more about \u201eAn\u0111eli \u017eive doveka\u201c u znak se\u0107anja na Adrianu Duki\u0107\" tabindex=\"-1\" >\n\t\t\tPro\u010ditaj vi\u0161e\t\t<\/a>\n\n\t\t\t\t\t<\/div>\n\t\t\t\t<\/div>\n\t\t\t\t\t<\/div>\n\t\t<\/article>\n\t\t\t\t<article class=\"elementor-post elementor-grid-item post-10995 post type-post status-publish format-standard has-post-thumbnail hentry category-uncategorized-sr-latn entry has-media\" role=\"listitem\">\n\t\t\t<div class=\"elementor-post__card\">\n\t\t\t\t<a class=\"elementor-post__thumbnail__link\" href=\"https:\/\/malopozoriste.smashingpixel.net\/sr-latn\/otkazane-predstava-od-10-do-17-februara\/\" tabindex=\"-1\" ><div class=\"elementor-post__thumbnail\"><img loading=\"lazy\" decoding=\"async\" width=\"300\" height=\"200\" src=\"https:\/\/malopozoriste.smashingpixel.net\/wp-content\/uploads\/2024\/11\/DSC_1654-300x200.jpg\" class=\"attachment-medium size-medium wp-image-8474\" alt=\"\" srcset=\"https:\/\/malopozoriste.smashingpixel.net\/wp-content\/uploads\/2024\/11\/DSC_1654-300x200.jpg 300w, https:\/\/malopozoriste.smashingpixel.net\/wp-content\/uploads\/2024\/11\/DSC_1654-1024x683.jpg 1024w, https:\/\/malopozoriste.smashingpixel.net\/wp-content\/uploads\/2024\/11\/DSC_1654-768x512.jpg 768w, https:\/\/malopozoriste.smashingpixel.net\/wp-content\/uploads\/2024\/11\/DSC_1654.jpg 1280w\" sizes=\"(max-width: 300px) 100vw, 300px\" \/><\/div><\/a>\n\t\t\t\t<div class=\"elementor-post__text\">\n\t\t\t\t<h3 class=\"elementor-post__title\">\n\t\t\t<a href=\"https:\/\/malopozoriste.smashingpixel.net\/sr-latn\/otkazane-predstava-od-10-do-17-februara\/\" >\n\t\t\t\tOtkazane predstava od 10. do 17. februara\t\t\t<\/a>\n\t\t<\/h3>\n\t\t\t\t<div class=\"elementor-post__excerpt\">\n\t\t\tPo\u0161tovana publiko, Zbog \u0161trajka zaposlenih \u010dlanova ansambla Malog pozori\u0161ta \u201eDu\u0161ko Radovi\u0107\u201c koji po\u010dinje 10. februara u trajanju od 7 radnih dana otkazana su slede\u0107a izvo\u0111enja:\t\t<\/div>\n\t\t\t\t\t<div class=\"elementor-post__read-more-wrapper\">\n\t\t\n\t\t<a class=\"elementor-post__read-more\" href=\"https:\/\/malopozoriste.smashingpixel.net\/sr-latn\/otkazane-predstava-od-10-do-17-februara\/\" aria-label=\"Read more about Otkazane predstava od 10. do 17. februara\" tabindex=\"-1\" >\n\t\t\tPro\u010ditaj vi\u0161e\t\t<\/a>\n\n\t\t\t\t\t<\/div>\n\t\t\t\t<\/div>\n\t\t\t\t\t<\/div>\n\t\t<\/article>\n\t\t\t\t<article class=\"elementor-post elementor-grid-item post-10952 post type-post status-publish format-standard has-post-thumbnail hentry category-uncategorized-sr-latn entry has-media\" role=\"listitem\">\n\t\t\t<div class=\"elementor-post__card\">\n\t\t\t\t<a class=\"elementor-post__thumbnail__link\" href=\"https:\/\/malopozoriste.smashingpixel.net\/sr-latn\/in-memoriam-dejan-matic-mata-1963-2025\/\" tabindex=\"-1\" ><div class=\"elementor-post__thumbnail\"><img loading=\"lazy\" decoding=\"async\" width=\"266\" height=\"300\" src=\"https:\/\/malopozoriste.smashingpixel.net\/wp-content\/uploads\/2025\/02\/Snimak-ekrana-2025-02-05-130429-266x300.png\" class=\"attachment-medium size-medium wp-image-10929\" alt=\"\" srcset=\"https:\/\/malopozoriste.smashingpixel.net\/wp-content\/uploads\/2025\/02\/Snimak-ekrana-2025-02-05-130429-266x300.png 266w, https:\/\/malopozoriste.smashingpixel.net\/wp-content\/uploads\/2025\/02\/Snimak-ekrana-2025-02-05-130429.png 671w\" sizes=\"(max-width: 266px) 100vw, 266px\" \/><\/div><\/a>\n\t\t\t\t<div class=\"elementor-post__text\">\n\t\t\t\t<h3 class=\"elementor-post__title\">\n\t\t\t<a href=\"https:\/\/malopozoriste.smashingpixel.net\/sr-latn\/in-memoriam-dejan-matic-mata-1963-2025\/\" >\n\t\t\t\tIN MEMORIAM Dejan Mati\u0107 Mata 1963-2025\t\t\t<\/a>\n\t\t<\/h3>\n\t\t\t\t<div class=\"elementor-post__excerpt\">\n\t\t\tDiplomirao glumu na Fakultetu dramskih umetnosti u Beogradu 1990. godine u klasi prof. Milenka Mari\u010di\u0107a. Gluma\u010dku karijeru po\u010deo je u pozori\u0161tu Atelje 212, igrao je\t\t<\/div>\n\t\t\t\t\t<div class=\"elementor-post__read-more-wrapper\">\n\t\t\n\t\t<a class=\"elementor-post__read-more\" href=\"https:\/\/malopozoriste.smashingpixel.net\/sr-latn\/in-memoriam-dejan-matic-mata-1963-2025\/\" aria-label=\"Read more about IN MEMORIAM Dejan Mati\u0107 Mata 1963-2025\" tabindex=\"-1\" >\n\t\t\tPro\u010ditaj vi\u0161e\t\t<\/a>\n\n\t\t\t\t\t<\/div>\n\t\t\t\t<\/div>\n\t\t\t\t\t<\/div>\n\t\t<\/article>\n\t\t\t\t<article class=\"elementor-post elementor-grid-item post-10892 post type-post status-publish format-standard has-post-thumbnail hentry category-uncategorized-sr-latn entry has-media\" role=\"listitem\">\n\t\t\t<div class=\"elementor-post__card\">\n\t\t\t\t<a class=\"elementor-post__thumbnail__link\" href=\"https:\/\/malopozoriste.smashingpixel.net\/sr-latn\/in-memoriam-igor-bojovic-1969-2025\/\" tabindex=\"-1\" ><div class=\"elementor-post__thumbnail\"><img loading=\"lazy\" decoding=\"async\" width=\"300\" height=\"175\" src=\"https:\/\/malopozoriste.smashingpixel.net\/wp-content\/uploads\/2025\/02\/Igor-Bojovic-300x175.png\" class=\"attachment-medium size-medium wp-image-10881\" alt=\"\" srcset=\"https:\/\/malopozoriste.smashingpixel.net\/wp-content\/uploads\/2025\/02\/Igor-Bojovic-300x175.png 300w, https:\/\/malopozoriste.smashingpixel.net\/wp-content\/uploads\/2025\/02\/Igor-Bojovic-1024x597.png 1024w, https:\/\/malopozoriste.smashingpixel.net\/wp-content\/uploads\/2025\/02\/Igor-Bojovic-768x448.png 768w, https:\/\/malopozoriste.smashingpixel.net\/wp-content\/uploads\/2025\/02\/Igor-Bojovic.png 1200w\" sizes=\"(max-width: 300px) 100vw, 300px\" \/><\/div><\/a>\n\t\t\t\t<div class=\"elementor-post__text\">\n\t\t\t\t<h3 class=\"elementor-post__title\">\n\t\t\t<a href=\"https:\/\/malopozoriste.smashingpixel.net\/sr-latn\/in-memoriam-igor-bojovic-1969-2025\/\" >\n\t\t\t\tIN MEMORIAM Igor Bojovi\u0107 1969-2025\t\t\t<\/a>\n\t\t<\/h3>\n\t\t\t\t<div class=\"elementor-post__excerpt\">\n\t\t\tRo\u0111en je 27. maja 1969. godine u Nik\u0161i\u0107u. Zavr\u0161io je dramaturgiju 1995. godine na Fakultetu dramskih umetnosti u Beogradu kao student generacije Univerziteta umetnosti, a\t\t<\/div>\n\t\t\t\t\t<div class=\"elementor-post__read-more-wrapper\">\n\t\t\n\t\t<a class=\"elementor-post__read-more\" href=\"https:\/\/malopozoriste.smashingpixel.net\/sr-latn\/in-memoriam-igor-bojovic-1969-2025\/\" aria-label=\"Read more about IN MEMORIAM Igor Bojovi\u0107 1969-2025\" tabindex=\"-1\" >\n\t\t\tPro\u010ditaj vi\u0161e\t\t<\/a>\n\n\t\t\t\t\t<\/div>\n\t\t\t\t<\/div>\n\t\t\t\t\t<\/div>\n\t\t<\/article>\n\t\t\t\t<article class=\"elementor-post elementor-grid-item post-10858 post type-post status-publish format-standard has-post-thumbnail hentry category-uncategorized-sr-latn entry has-media\" role=\"listitem\">\n\t\t\t<div class=\"elementor-post__card\">\n\t\t\t\t<a class=\"elementor-post__thumbnail__link\" href=\"https:\/\/malopozoriste.smashingpixel.net\/sr-latn\/tribini-o-vaznosti-cuvanja-reproduktivnog-zdravlja-30-januar\/\" tabindex=\"-1\" ><div class=\"elementor-post__thumbnail\"><img loading=\"lazy\" decoding=\"async\" width=\"300\" height=\"200\" src=\"https:\/\/malopozoriste.smashingpixel.net\/wp-content\/uploads\/2025\/01\/Sjaj-zvezda-na-plafonu-94-300x200.jpg\" class=\"attachment-medium size-medium wp-image-10835\" alt=\"\" srcset=\"https:\/\/malopozoriste.smashingpixel.net\/wp-content\/uploads\/2025\/01\/Sjaj-zvezda-na-plafonu-94-300x200.jpg 300w, https:\/\/malopozoriste.smashingpixel.net\/wp-content\/uploads\/2025\/01\/Sjaj-zvezda-na-plafonu-94-1024x682.jpg 1024w, https:\/\/malopozoriste.smashingpixel.net\/wp-content\/uploads\/2025\/01\/Sjaj-zvezda-na-plafonu-94-768x512.jpg 768w, https:\/\/malopozoriste.smashingpixel.net\/wp-content\/uploads\/2025\/01\/Sjaj-zvezda-na-plafonu-94.jpg 1280w\" sizes=\"(max-width: 300px) 100vw, 300px\" \/><\/div><\/a>\n\t\t\t\t<div class=\"elementor-post__text\">\n\t\t\t\t<h3 class=\"elementor-post__title\">\n\t\t\t<a href=\"https:\/\/malopozoriste.smashingpixel.net\/sr-latn\/tribini-o-vaznosti-cuvanja-reproduktivnog-zdravlja-30-januar\/\" >\n\t\t\t\tSvetski dan borbe protiv raka 4. februar  \u201eTribina o va\u017enosti \u010duvanja reproduktivnog zdravlja\u201c\t\t\t<\/a>\n\t\t<\/h3>\n\t\t\t\t<div class=\"elementor-post__excerpt\">\n\t\t\t\u2728 Sjaj zvezda na plafonu sa ponosom podr\u017eava Evropsku nedelju prevencije raka grli\u0107a materice! \ud83c\udf38 Pozivamo vas da nakon predstave 04.02. ostanete na tribini gde\t\t<\/div>\n\t\t\t\t\t<div class=\"elementor-post__read-more-wrapper\">\n\t\t\n\t\t<a class=\"elementor-post__read-more\" href=\"https:\/\/malopozoriste.smashingpixel.net\/sr-latn\/tribini-o-vaznosti-cuvanja-reproduktivnog-zdravlja-30-januar\/\" aria-label=\"Read more about Svetski dan borbe protiv raka 4. februar  \u201eTribina o va\u017enosti \u010duvanja reproduktivnog zdravlja\u201c\" tabindex=\"-1\" >\n\t\t\tPro\u010ditaj vi\u0161e\t\t<\/a>\n\n\t\t\t\t\t<\/div>\n\t\t\t\t<\/div>\n\t\t\t\t\t<\/div>\n\t\t<\/article>\n\t\t\t\t<article class=\"elementor-post elementor-grid-item post-10224 post type-post status-publish format-standard has-post-thumbnail hentry category-uncategorized-sr-latn entry has-media\" role=\"listitem\">\n\t\t\t<div class=\"elementor-post__card\">\n\t\t\t\t<a class=\"elementor-post__thumbnail__link\" href=\"https:\/\/malopozoriste.smashingpixel.net\/sr-latn\/audicija-za-mlade-glumce-za-novu-produkciju-malog-pozorista-dusko-radovic-25-decembar-u-12-sati\/\" tabindex=\"-1\" ><div class=\"elementor-post__thumbnail\"><img loading=\"lazy\" decoding=\"async\" width=\"300\" height=\"300\" src=\"https:\/\/malopozoriste.smashingpixel.net\/wp-content\/uploads\/2024\/12\/Tesla-300x300.jpg\" class=\"attachment-medium size-medium wp-image-10200\" alt=\"\" srcset=\"https:\/\/malopozoriste.smashingpixel.net\/wp-content\/uploads\/2024\/12\/Tesla-300x300.jpg 300w, https:\/\/malopozoriste.smashingpixel.net\/wp-content\/uploads\/2024\/12\/Tesla-150x150.jpg 150w, https:\/\/malopozoriste.smashingpixel.net\/wp-content\/uploads\/2024\/12\/Tesla-120x120.jpg 120w, https:\/\/malopozoriste.smashingpixel.net\/wp-content\/uploads\/2024\/12\/Tesla.jpg 600w\" sizes=\"(max-width: 300px) 100vw, 300px\" \/><\/div><\/a>\n\t\t\t\t<div class=\"elementor-post__text\">\n\t\t\t\t<h3 class=\"elementor-post__title\">\n\t\t\t<a href=\"https:\/\/malopozoriste.smashingpixel.net\/sr-latn\/audicija-za-mlade-glumce-za-novu-produkciju-malog-pozorista-dusko-radovic-25-decembar-u-12-sati\/\" >\n\t\t\t\tAUDICIJA ZA MLADE GLUMCE ZA NOVU PRODUKCIJU MALOG POZORI\u0160TA \u201eDU\u0160KO RADOVI\u0106\u201c \/ 25. decembar u 12 sati\t\t\t<\/a>\n\t\t<\/h3>\n\t\t\t\t<div class=\"elementor-post__excerpt\">\n\t\t\tU sredu 25. decembra u 12 sati u Malom pozori\u0161tu \u201eDu\u0161ko Radovi\u0107\u201c, odr\u017ea\u0107e se audicija za mlade glumce i studente glume do 24 godina starosti,\t\t<\/div>\n\t\t\t\t\t<div class=\"elementor-post__read-more-wrapper\">\n\t\t\n\t\t<a class=\"elementor-post__read-more\" href=\"https:\/\/malopozoriste.smashingpixel.net\/sr-latn\/audicija-za-mlade-glumce-za-novu-produkciju-malog-pozorista-dusko-radovic-25-decembar-u-12-sati\/\" aria-label=\"Read more about AUDICIJA ZA MLADE GLUMCE ZA NOVU PRODUKCIJU MALOG POZORI\u0160TA \u201eDU\u0160KO RADOVI\u0106\u201c \/ 25. decembar u 12 sati\" tabindex=\"-1\" >\n\t\t\tPro\u010ditaj vi\u0161e\t\t<\/a>\n\n\t\t\t\t\t<\/div>\n\t\t\t\t<\/div>\n\t\t\t\t\t<\/div>\n\t\t<\/article>\n\t\t\t\t<article class=\"elementor-post elementor-grid-item post-9281 post type-post status-publish format-standard has-post-thumbnail hentry category-uncategorized-sr-latn entry has-media\" role=\"listitem\">\n\t\t\t<div class=\"elementor-post__card\">\n\t\t\t\t<a class=\"elementor-post__thumbnail__link\" href=\"https:\/\/malopozoriste.smashingpixel.net\/sr-latn\/moda-za-sve-3-decembar-medunarodni-dan-osoba-sa-invaliditetom\/\" tabindex=\"-1\" ><div class=\"elementor-post__thumbnail\"><img loading=\"lazy\" decoding=\"async\" width=\"300\" height=\"225\" src=\"https:\/\/malopozoriste.smashingpixel.net\/wp-content\/uploads\/2024\/11\/Moda-za-sve-300x225.jpg\" class=\"attachment-medium size-medium wp-image-9271\" alt=\"\" srcset=\"https:\/\/malopozoriste.smashingpixel.net\/wp-content\/uploads\/2024\/11\/Moda-za-sve-300x225.jpg 300w, https:\/\/malopozoriste.smashingpixel.net\/wp-content\/uploads\/2024\/11\/Moda-za-sve-1024x768.jpg 1024w, https:\/\/malopozoriste.smashingpixel.net\/wp-content\/uploads\/2024\/11\/Moda-za-sve-768x576.jpg 768w, https:\/\/malopozoriste.smashingpixel.net\/wp-content\/uploads\/2024\/11\/Moda-za-sve.jpg 1280w\" sizes=\"(max-width: 300px) 100vw, 300px\" \/><\/div><\/a>\n\t\t\t\t<div class=\"elementor-post__text\">\n\t\t\t\t<h3 class=\"elementor-post__title\">\n\t\t\t<a href=\"https:\/\/malopozoriste.smashingpixel.net\/sr-latn\/moda-za-sve-3-decembar-medunarodni-dan-osoba-sa-invaliditetom\/\" >\n\t\t\t\tMORE LOVE \/ 3. decembar Me\u0111unarodni dan osoba sa invaliditetom\t\t\t<\/a>\n\t\t<\/h3>\n\t\t\t\t<div class=\"elementor-post__excerpt\">\n\t\t\tMORE LOVE \/ 3. decembar Me\u0111unarodni dan osoba sa invaliditetom Me\u0111unarodni dan osoba sa invaliditetom, 3. decembar,\u00a0 obele\u017eava se od 1992. godine, kada je Generalna\t\t<\/div>\n\t\t\t\t\t<div class=\"elementor-post__read-more-wrapper\">\n\t\t\n\t\t<a class=\"elementor-post__read-more\" href=\"https:\/\/malopozoriste.smashingpixel.net\/sr-latn\/moda-za-sve-3-decembar-medunarodni-dan-osoba-sa-invaliditetom\/\" aria-label=\"Read more about MORE LOVE \/ 3. decembar Me\u0111unarodni dan osoba sa invaliditetom\" tabindex=\"-1\" >\n\t\t\tPro\u010ditaj vi\u0161e\t\t<\/a>\n\n\t\t\t\t\t<\/div>\n\t\t\t\t<\/div>\n\t\t\t\t\t<\/div>\n\t\t<\/article>\n\t\t\t\t<article class=\"elementor-post elementor-grid-item post-9255 post type-post status-publish format-standard has-post-thumbnail hentry category-uncategorized-sr-latn entry has-media\" role=\"listitem\">\n\t\t\t<div class=\"elementor-post__card\">\n\t\t\t\t<a class=\"elementor-post__thumbnail__link\" href=\"https:\/\/malopozoriste.smashingpixel.net\/sr-latn\/operartic-2-decembar-u-11-casova\/\" tabindex=\"-1\" ><div class=\"elementor-post__thumbnail\"><img loading=\"lazy\" decoding=\"async\" width=\"300\" height=\"215\" src=\"https:\/\/malopozoriste.smashingpixel.net\/wp-content\/uploads\/2024\/11\/operartic-300x215.jpg\" class=\"attachment-medium size-medium wp-image-9185\" alt=\"\" srcset=\"https:\/\/malopozoriste.smashingpixel.net\/wp-content\/uploads\/2024\/11\/operartic-300x215.jpg 300w, https:\/\/malopozoriste.smashingpixel.net\/wp-content\/uploads\/2024\/11\/operartic.jpg 740w\" sizes=\"(max-width: 300px) 100vw, 300px\" \/><\/div><\/a>\n\t\t\t\t<div class=\"elementor-post__text\">\n\t\t\t\t<h3 class=\"elementor-post__title\">\n\t\t\t<a href=\"https:\/\/malopozoriste.smashingpixel.net\/sr-latn\/operartic-2-decembar-u-11-casova\/\" >\n\t\t\t\tOPERARTI\u0106 \/ 2. decembar u 11 \u010dasova\t\t\t<\/a>\n\t\t<\/h3>\n\t\t\t\t<div class=\"elementor-post__excerpt\">\n\t\t\tOPERARTI\u0106 \/ 2. decembar u 11 \u010dasova Mali\u0161ani koji ve\u0107 mesecima vredno rade na projektu \u201eOperArti\u0107\u201c, sa \u010dlanicama MOTO-a Jovanom Mijin i Biljanom Jovanovi\u0107,\u00a0 sada\t\t<\/div>\n\t\t\t\t\t<div class=\"elementor-post__read-more-wrapper\">\n\t\t\n\t\t<a class=\"elementor-post__read-more\" href=\"https:\/\/malopozoriste.smashingpixel.net\/sr-latn\/operartic-2-decembar-u-11-casova\/\" aria-label=\"Read more about OPERARTI\u0106 \/ 2. decembar u 11 \u010dasova\" tabindex=\"-1\" >\n\t\t\tPro\u010ditaj vi\u0161e\t\t<\/a>\n\n\t\t\t\t\t<\/div>\n\t\t\t\t<\/div>\n\t\t\t\t\t<\/div>\n\t\t<\/article>\n\t\t\t\t<article class=\"elementor-post elementor-grid-item post-7884 post type-post status-publish format-standard has-post-thumbnail hentry category-uncategorized-sr-latn entry has-media\" role=\"listitem\">\n\t\t\t<div class=\"elementor-post__card\">\n\t\t\t\t<a class=\"elementor-post__thumbnail__link\" href=\"https:\/\/malopozoriste.smashingpixel.net\/sr-latn\/%d0%b3%d0%be%d1%81%d1%82%d0%be%d0%b2%d0%b0%d1%9a%d0%b5-%d0%b4%d0%b0%d0%bd%d1%81%d0%ba%d0%be%d0%b3-%d0%b5%d0%ba%d1%81%d0%bf%d0%b5%d1%80%d0%b8%d0%bc%d0%b5%d0%bd%d1%82%d0%b0%d0%bb%d0%bd%d0%be%d0%b3-2\/\" tabindex=\"-1\" ><div class=\"elementor-post__thumbnail\"><img loading=\"lazy\" decoding=\"async\" width=\"300\" height=\"300\" src=\"https:\/\/malopozoriste.smashingpixel.net\/wp-content\/uploads\/2024\/10\/Danci-Plakat-Daje-se-na-znjanje-1-300x300.png\" class=\"attachment-medium size-medium wp-image-8196\" alt=\"\" srcset=\"https:\/\/malopozoriste.smashingpixel.net\/wp-content\/uploads\/2024\/10\/Danci-Plakat-Daje-se-na-znjanje-1-300x300.png 300w, https:\/\/malopozoriste.smashingpixel.net\/wp-content\/uploads\/2024\/10\/Danci-Plakat-Daje-se-na-znjanje-1-150x150.png 150w, https:\/\/malopozoriste.smashingpixel.net\/wp-content\/uploads\/2024\/10\/Danci-Plakat-Daje-se-na-znjanje-1-120x120.png 120w, https:\/\/malopozoriste.smashingpixel.net\/wp-content\/uploads\/2024\/10\/Danci-Plakat-Daje-se-na-znjanje-1.png 600w\" sizes=\"(max-width: 300px) 100vw, 300px\" \/><\/div><\/a>\n\t\t\t\t<div class=\"elementor-post__text\">\n\t\t\t\t<h3 class=\"elementor-post__title\">\n\t\t\t<a href=\"https:\/\/malopozoriste.smashingpixel.net\/sr-latn\/%d0%b3%d0%be%d1%81%d1%82%d0%be%d0%b2%d0%b0%d1%9a%d0%b5-%d0%b4%d0%b0%d0%bd%d1%81%d0%ba%d0%be%d0%b3-%d0%b5%d0%ba%d1%81%d0%bf%d0%b5%d1%80%d0%b8%d0%bc%d0%b5%d0%bd%d1%82%d0%b0%d0%bb%d0%bd%d0%be%d0%b3-2\/\" >\n\t\t\t\tGOSTOVANjE DANSKOG EKSPERIMENTALNOG POZORI\u0160TA ORKESTAR OL\u0160E O LJUDSKOJ USAMLJENOSTI U DIGITALIZOVANOM SVETU\t\t\t<\/a>\n\t\t<\/h3>\n\t\t\t\t<div class=\"elementor-post__excerpt\">\n\t\t\tGOSTOVANJE DANSKOG EKSPERIMENTALNOG POZORI\u0160TA ORKESTAR OL\u0160E O LJUDSKOJ USAMLJENOSTI U DIGITALIZOVANOM SVETU U Malom pozori\u0161tu \u201eDu\u0161ko Radovi\u0107\u201c u okviru Scene za mlade 3, 4. i\t\t<\/div>\n\t\t\t\t\t<div class=\"elementor-post__read-more-wrapper\">\n\t\t\n\t\t<a class=\"elementor-post__read-more\" href=\"https:\/\/malopozoriste.smashingpixel.net\/sr-latn\/%d0%b3%d0%be%d1%81%d1%82%d0%be%d0%b2%d0%b0%d1%9a%d0%b5-%d0%b4%d0%b0%d0%bd%d1%81%d0%ba%d0%be%d0%b3-%d0%b5%d0%ba%d1%81%d0%bf%d0%b5%d1%80%d0%b8%d0%bc%d0%b5%d0%bd%d1%82%d0%b0%d0%bb%d0%bd%d0%be%d0%b3-2\/\" aria-label=\"Read more about GOSTOVANjE DANSKOG EKSPERIMENTALNOG POZORI\u0160TA ORKESTAR OL\u0160E O LJUDSKOJ USAMLJENOSTI U DIGITALIZOVANOM SVETU\" tabindex=\"-1\" >\n\t\t\tPro\u010ditaj vi\u0161e\t\t<\/a>\n\n\t\t\t\t\t<\/div>\n\t\t\t\t<\/div>\n\t\t\t\t\t<\/div>\n\t\t<\/article>\n\t\t\t\t<article class=\"elementor-post elementor-grid-item post-7726 post type-post status-publish format-standard has-post-thumbnail hentry category-uncategorized-sr-latn entry has-media\" role=\"listitem\">\n\t\t\t<div class=\"elementor-post__card\">\n\t\t\t\t<a class=\"elementor-post__thumbnail__link\" href=\"https:\/\/malopozoriste.smashingpixel.net\/sr-latn\/75-godina-malog-pozorista-dusko-radovic\/\" tabindex=\"-1\" ><div class=\"elementor-post__thumbnail\"><img loading=\"lazy\" decoding=\"async\" width=\"300\" height=\"300\" src=\"https:\/\/malopozoriste.smashingpixel.net\/wp-content\/uploads\/2024\/10\/ig-post-75.-godina-300x300.png\" class=\"attachment-medium size-medium wp-image-7715\" alt=\"\" srcset=\"https:\/\/malopozoriste.smashingpixel.net\/wp-content\/uploads\/2024\/10\/ig-post-75.-godina-300x300.png 300w, https:\/\/malopozoriste.smashingpixel.net\/wp-content\/uploads\/2024\/10\/ig-post-75.-godina-1024x1024.png 1024w, https:\/\/malopozoriste.smashingpixel.net\/wp-content\/uploads\/2024\/10\/ig-post-75.-godina-150x150.png 150w, https:\/\/malopozoriste.smashingpixel.net\/wp-content\/uploads\/2024\/10\/ig-post-75.-godina-768x768.png 768w, https:\/\/malopozoriste.smashingpixel.net\/wp-content\/uploads\/2024\/10\/ig-post-75.-godina-120x120.png 120w, https:\/\/malopozoriste.smashingpixel.net\/wp-content\/uploads\/2024\/10\/ig-post-75.-godina-600x600.png 600w, https:\/\/malopozoriste.smashingpixel.net\/wp-content\/uploads\/2024\/10\/ig-post-75.-godina.png 1080w\" sizes=\"(max-width: 300px) 100vw, 300px\" \/><\/div><\/a>\n\t\t\t\t<div class=\"elementor-post__text\">\n\t\t\t\t<h3 class=\"elementor-post__title\">\n\t\t\t<a href=\"https:\/\/malopozoriste.smashingpixel.net\/sr-latn\/75-godina-malog-pozorista-dusko-radovic\/\" >\n\t\t\t\t75 GODINA  MALOG POZORI\u0160TA \u201eDU\u0160KO RADOVI\u0106\u201c\t\t\t<\/a>\n\t\t<\/h3>\n\t\t\t\t<div class=\"elementor-post__excerpt\">\n\t\t\t75. GODINA MALOG POZORI\u0160TA \u201eDU\u0160KO RADOVI\u0106\u201c Malo pozori\u0161te \u201eDu\u0161ko Radovi\u0107\u201c 23. oktobra u 20 sati proslavi\u0107e 75 godina rada. Pozori\u0161te \u0107e tog dana dodeliti jubilarne\t\t<\/div>\n\t\t\t\t\t<div class=\"elementor-post__read-more-wrapper\">\n\t\t\n\t\t<a class=\"elementor-post__read-more\" href=\"https:\/\/malopozoriste.smashingpixel.net\/sr-latn\/75-godina-malog-pozorista-dusko-radovic\/\" aria-label=\"Read more about 75 GODINA  MALOG POZORI\u0160TA \u201eDU\u0160KO RADOVI\u0106\u201c\" tabindex=\"-1\" >\n\t\t\tPro\u010ditaj vi\u0161e\t\t<\/a>\n\n\t\t\t\t\t<\/div>\n\t\t\t\t<\/div>\n\t\t\t\t\t<\/div>\n\t\t<\/article>\n\t\t\t\t<article class=\"elementor-post elementor-grid-item post-7484 post type-post status-publish format-standard has-post-thumbnail hentry category-uncategorized-sr-latn entry has-media\" role=\"listitem\">\n\t\t\t<div class=\"elementor-post__card\">\n\t\t\t\t<a class=\"elementor-post__thumbnail__link\" href=\"https:\/\/malopozoriste.smashingpixel.net\/sr-latn\/%d0%bf%d0%be%d0%b7%d0%b8%d0%b2%d0%b0%d0%bc%d0%be-%d0%b2%d0%b0%d1%81-%d0%bd%d0%b0-%d1%85%d1%83%d0%bc%d0%b0%d0%bd%d0%b8%d1%82%d0%b0%d1%80%d0%bd%d0%be-%d0%b8%d0%b7%d0%b2%d0%be%d1%92%d0%b5%d1%9a%d0%b5\/\" tabindex=\"-1\" ><div class=\"elementor-post__thumbnail\"><img loading=\"lazy\" decoding=\"async\" width=\"300\" height=\"225\" src=\"https:\/\/malopozoriste.smashingpixel.net\/wp-content\/uploads\/2024\/10\/Sjaj-Zvezda-Humanitarna-predstava-pozivnica-300x225.jpg\" class=\"attachment-medium size-medium wp-image-7490\" alt=\"\" srcset=\"https:\/\/malopozoriste.smashingpixel.net\/wp-content\/uploads\/2024\/10\/Sjaj-Zvezda-Humanitarna-predstava-pozivnica-300x225.jpg 300w, https:\/\/malopozoriste.smashingpixel.net\/wp-content\/uploads\/2024\/10\/Sjaj-Zvezda-Humanitarna-predstava-pozivnica-1024x768.jpg 1024w, https:\/\/malopozoriste.smashingpixel.net\/wp-content\/uploads\/2024\/10\/Sjaj-Zvezda-Humanitarna-predstava-pozivnica-768x576.jpg 768w, https:\/\/malopozoriste.smashingpixel.net\/wp-content\/uploads\/2024\/10\/Sjaj-Zvezda-Humanitarna-predstava-pozivnica.jpg 1186w\" sizes=\"(max-width: 300px) 100vw, 300px\" \/><\/div><\/a>\n\t\t\t\t<div class=\"elementor-post__text\">\n\t\t\t\t<h3 class=\"elementor-post__title\">\n\t\t\t<a href=\"https:\/\/malopozoriste.smashingpixel.net\/sr-latn\/%d0%bf%d0%be%d0%b7%d0%b8%d0%b2%d0%b0%d0%bc%d0%be-%d0%b2%d0%b0%d1%81-%d0%bd%d0%b0-%d1%85%d1%83%d0%bc%d0%b0%d0%bd%d0%b8%d1%82%d0%b0%d1%80%d0%bd%d0%be-%d0%b8%d0%b7%d0%b2%d0%be%d1%92%d0%b5%d1%9a%d0%b5\/\" >\n\t\t\t\tPOZIVAMO VAS NA HUMANITARNO IZVO\u0110ENJE PREDSTAVE \u201eSJAJ ZVEZDA NA PLAFONU\u201c\t\t\t<\/a>\n\t\t<\/h3>\n\t\t\t\t<div class=\"elementor-post__excerpt\">\n\t\t\tPOZIVAMO VAS NA HUMANITARNO IZVO\u0110ENJE PREDSTAVE \u201eSJAJ ZVEZDA NA PLAFONU\u201c Pozivamo vas na humanitarno izvo\u0111enje predstave \u201eSjaj zvezda na plafonu\u201c, 15. oktobra u 20 sati\t\t<\/div>\n\t\t\t\t\t<div class=\"elementor-post__read-more-wrapper\">\n\t\t\n\t\t<a class=\"elementor-post__read-more\" href=\"https:\/\/malopozoriste.smashingpixel.net\/sr-latn\/%d0%bf%d0%be%d0%b7%d0%b8%d0%b2%d0%b0%d0%bc%d0%be-%d0%b2%d0%b0%d1%81-%d0%bd%d0%b0-%d1%85%d1%83%d0%bc%d0%b0%d0%bd%d0%b8%d1%82%d0%b0%d1%80%d0%bd%d0%be-%d0%b8%d0%b7%d0%b2%d0%be%d1%92%d0%b5%d1%9a%d0%b5\/\" aria-label=\"Read more about POZIVAMO VAS NA HUMANITARNO IZVO\u0110ENJE PREDSTAVE \u201eSJAJ ZVEZDA NA PLAFONU\u201c\" tabindex=\"-1\" >\n\t\t\tPro\u010ditaj vi\u0161e\t\t<\/a>\n\n\t\t\t\t\t<\/div>\n\t\t\t\t<\/div>\n\t\t\t\t\t<\/div>\n\t\t<\/article>\n\t\t\t\t<article class=\"elementor-post elementor-grid-item post-6364 post type-post status-publish format-standard has-post-thumbnail hentry category-uncategorized-sr-latn entry has-media\" role=\"listitem\">\n\t\t\t<div class=\"elementor-post__card\">\n\t\t\t\t<a class=\"elementor-post__thumbnail__link\" href=\"https:\/\/malopozoriste.smashingpixel.net\/sr-latn\/gostovanje-predstave-krusevackog-pozorista-hrabra-krojacica-i-akcija-menjaza-odece\/\" tabindex=\"-1\" ><div class=\"elementor-post__thumbnail\"><img loading=\"lazy\" decoding=\"async\" width=\"300\" height=\"201\" src=\"https:\/\/malopozoriste.smashingpixel.net\/wp-content\/uploads\/2024\/04\/vest-gostovanje-300x201.jpg\" class=\"attachment-medium size-medium wp-image-3538\" alt=\"\" srcset=\"https:\/\/malopozoriste.smashingpixel.net\/wp-content\/uploads\/2024\/04\/vest-gostovanje-300x201.jpg 300w, https:\/\/malopozoriste.smashingpixel.net\/wp-content\/uploads\/2024\/04\/vest-gostovanje.jpg 480w\" sizes=\"(max-width: 300px) 100vw, 300px\" \/><\/div><\/a>\n\t\t\t\t<div class=\"elementor-post__text\">\n\t\t\t\t<h3 class=\"elementor-post__title\">\n\t\t\t<a href=\"https:\/\/malopozoriste.smashingpixel.net\/sr-latn\/gostovanje-predstave-krusevackog-pozorista-hrabra-krojacica-i-akcija-menjaza-odece\/\" >\n\t\t\t\tGOSTOVANJE PREDSTAVE KRU\u0160EVA\u010cKOG POZORI\u0160TA \u201eHRABRA KROJA\u010cICA\u201c I AKCIJA \u201eMENJA\u017dA ODE\u0106E\u201c\t\t\t<\/a>\n\t\t<\/h3>\n\t\t\t\t<div class=\"elementor-post__excerpt\">\n\t\t\tGOSTOVANJE PREDSTAVE KRU\u0160EVA\u010cKOG POZORI\u0160TA \u201eHRABRA KROJA\u010cICA\u201c I AKCIJA \u201eMENJA\u017dA ODE\u0106E\u201c U subotu 8. juna u 17 sati u Malom pozori\u0161tu \u201eDu\u0161ko Radovi\u0107\u201c gostova\u0107e predstava Kru\u0161eva\u010dkog\t\t<\/div>\n\t\t\t\t\t<div class=\"elementor-post__read-more-wrapper\">\n\t\t\n\t\t<a class=\"elementor-post__read-more\" href=\"https:\/\/malopozoriste.smashingpixel.net\/sr-latn\/gostovanje-predstave-krusevackog-pozorista-hrabra-krojacica-i-akcija-menjaza-odece\/\" aria-label=\"Read more about GOSTOVANJE PREDSTAVE KRU\u0160EVA\u010cKOG POZORI\u0160TA \u201eHRABRA KROJA\u010cICA\u201c I AKCIJA \u201eMENJA\u017dA ODE\u0106E\u201c\" tabindex=\"-1\" >\n\t\t\tPro\u010ditaj vi\u0161e\t\t<\/a>\n\n\t\t\t\t\t<\/div>\n\t\t\t\t<\/div>\n\t\t\t\t\t<\/div>\n\t\t<\/article>\n\t\t\t\t<article class=\"elementor-post elementor-grid-item post-6366 post type-post status-publish format-standard has-post-thumbnail hentry category-uncategorized-sr-latn entry has-media\" role=\"listitem\">\n\t\t\t<div class=\"elementor-post__card\">\n\t\t\t\t<a class=\"elementor-post__thumbnail__link\" href=\"https:\/\/malopozoriste.smashingpixel.net\/sr-latn\/izvodenje-predstave-porodicni-cirkus-za-decu-i-osetljive\/\" tabindex=\"-1\" ><div class=\"elementor-post__thumbnail\"><img loading=\"lazy\" decoding=\"async\" width=\"300\" height=\"300\" src=\"https:\/\/malopozoriste.smashingpixel.net\/wp-content\/uploads\/2024\/06\/vest-porodicni_cirkus-300x300.jpg\" class=\"attachment-medium size-medium wp-image-3540\" alt=\"\" srcset=\"https:\/\/malopozoriste.smashingpixel.net\/wp-content\/uploads\/2024\/06\/vest-porodicni_cirkus-300x300.jpg 300w, https:\/\/malopozoriste.smashingpixel.net\/wp-content\/uploads\/2024\/06\/vest-porodicni_cirkus-150x150.jpg 150w, https:\/\/malopozoriste.smashingpixel.net\/wp-content\/uploads\/2024\/06\/vest-porodicni_cirkus-120x120.jpg 120w, https:\/\/malopozoriste.smashingpixel.net\/wp-content\/uploads\/2024\/06\/vest-porodicni_cirkus.jpg 480w\" sizes=\"(max-width: 300px) 100vw, 300px\" \/><\/div><\/a>\n\t\t\t\t<div class=\"elementor-post__text\">\n\t\t\t\t<h3 class=\"elementor-post__title\">\n\t\t\t<a href=\"https:\/\/malopozoriste.smashingpixel.net\/sr-latn\/izvodenje-predstave-porodicni-cirkus-za-decu-i-osetljive\/\" >\n\t\t\t\tIZVO\u0110ENJE PREDSTAVE &#8220;PORODI\u010cNI CIRKUS \u2013 ZA DECU I OSETLJIVE&#8221;\t\t\t<\/a>\n\t\t<\/h3>\n\t\t\t\t<div class=\"elementor-post__excerpt\">\n\t\t\tIZVO\u0110ENJE PREDSTAVE &#8220;PORODI\u010cNI CIRKUS \u2013 ZA DECU I OSETLJIVE&#8221; Udru\u017eenje &#8220;Beogradski stari\u0161ani i mali\u0161ani&#8221;, podstaknuto postignutim uspehom premijerno izvedenog dramskog dela &#8220;PORODI\u010cNI CIRKUS \u2013 ZA\t\t<\/div>\n\t\t\t\t\t<div class=\"elementor-post__read-more-wrapper\">\n\t\t\n\t\t<a class=\"elementor-post__read-more\" href=\"https:\/\/malopozoriste.smashingpixel.net\/sr-latn\/izvodenje-predstave-porodicni-cirkus-za-decu-i-osetljive\/\" aria-label=\"Read more about IZVO\u0110ENJE PREDSTAVE &#8220;PORODI\u010cNI CIRKUS \u2013 ZA DECU I OSETLJIVE&#8221;\" tabindex=\"-1\" >\n\t\t\tPro\u010ditaj vi\u0161e\t\t<\/a>\n\n\t\t\t\t\t<\/div>\n\t\t\t\t<\/div>\n\t\t\t\t\t<\/div>\n\t\t<\/article>\n\t\t\t\t<article class=\"elementor-post elementor-grid-item post-6368 post type-post status-publish format-standard has-post-thumbnail hentry category-uncategorized-sr-latn entry has-media\" role=\"listitem\">\n\t\t\t<div class=\"elementor-post__card\">\n\t\t\t\t<a class=\"elementor-post__thumbnail__link\" href=\"https:\/\/malopozoriste.smashingpixel.net\/sr-latn\/jubilarno-stoto-izvodenje-predstave-za-decu-kameni-cvet-u-malom-pozoristu-dusko-radovic\/\" tabindex=\"-1\" ><div class=\"elementor-post__thumbnail\"><img loading=\"lazy\" decoding=\"async\" width=\"300\" height=\"200\" src=\"https:\/\/malopozoriste.smashingpixel.net\/wp-content\/uploads\/2024\/06\/kameni_cvet_foto_belkisa_abdulovic_105-300x200.jpg\" class=\"attachment-medium size-medium wp-image-3542\" alt=\"\" srcset=\"https:\/\/malopozoriste.smashingpixel.net\/wp-content\/uploads\/2024\/06\/kameni_cvet_foto_belkisa_abdulovic_105-300x200.jpg 300w, https:\/\/malopozoriste.smashingpixel.net\/wp-content\/uploads\/2024\/06\/kameni_cvet_foto_belkisa_abdulovic_105.jpg 480w\" sizes=\"(max-width: 300px) 100vw, 300px\" \/><\/div><\/a>\n\t\t\t\t<div class=\"elementor-post__text\">\n\t\t\t\t<h3 class=\"elementor-post__title\">\n\t\t\t<a href=\"https:\/\/malopozoriste.smashingpixel.net\/sr-latn\/jubilarno-stoto-izvodenje-predstave-za-decu-kameni-cvet-u-malom-pozoristu-dusko-radovic\/\" >\n\t\t\t\tJUBILARNO STOTO IZVO\u0110ENJE PREDSTAVE ZA DECU \u201eKAMENI CVET\u201c U MALOM POZORI\u0160TU \u201eDU\u0160KO RADOVI\u0106\u201c\t\t\t<\/a>\n\t\t<\/h3>\n\t\t\t\t<div class=\"elementor-post__excerpt\">\n\t\t\tJUBILARNO STOTO IZVO\u0110ENJE PREDSTAVE ZA DECU \u201eKAMENI CVET\u201c U MALOM POZORI\u0160TU \u201eDU\u0160KO RADOVI\u0106\u201c U nedelju 21. aprila u 12 sati u Malom pozori\u0161tu \u201eDu\u0161ko Radovi\u0107\u201c\t\t<\/div>\n\t\t\t\t\t<div class=\"elementor-post__read-more-wrapper\">\n\t\t\n\t\t<a class=\"elementor-post__read-more\" href=\"https:\/\/malopozoriste.smashingpixel.net\/sr-latn\/jubilarno-stoto-izvodenje-predstave-za-decu-kameni-cvet-u-malom-pozoristu-dusko-radovic\/\" aria-label=\"Read more about JUBILARNO STOTO IZVO\u0110ENJE PREDSTAVE ZA DECU \u201eKAMENI CVET\u201c U MALOM POZORI\u0160TU \u201eDU\u0160KO RADOVI\u0106\u201c\" tabindex=\"-1\" >\n\t\t\tPro\u010ditaj vi\u0161e\t\t<\/a>\n\n\t\t\t\t\t<\/div>\n\t\t\t\t<\/div>\n\t\t\t\t\t<\/div>\n\t\t<\/article>\n\t\t\t\t<\/div>\n\t\t\n\t\t\t\t\t\t<\/div>\n\t\t\t\t<\/div>\n\t\t\t\t<div class=\"elementor-element elementor-element-04cc943 elementor-widget elementor-widget-spacer\" data-id=\"04cc943\" data-element_type=\"widget\" data-e-type=\"widget\" data-widget_type=\"spacer.default\">\n\t\t\t\t<div class=\"elementor-widget-container\">\n\t\t\t\t\t\t\t<div class=\"elementor-spacer\">\n\t\t\t<div class=\"elementor-spacer-inner\"><\/div>\n\t\t<\/div>\n\t\t\t\t\t\t<\/div>\n\t\t\t\t<\/div>\n\t\t\t\t\t<\/div>\n\t\t\t\t<\/div>\n\t\t\t\t<\/div>\n\t\t","protected":false},"excerpt":{"rendered":"Daje se na znanje!","protected":false},"author":5,"featured_media":0,"parent":0,"menu_order":0,"comment_status":"closed","ping_status":"closed","template":"elementor_header_footer","meta":{"_acf_changed":false,"ocean_front_end_style_editor":"no","ocean_post_layout":"","ocean_both_sidebars_style":"","ocean_both_sidebars_content_width":0,"ocean_both_sidebars_sidebars_width":0,"ocean_sidebar":"0","ocean_second_sidebar":"0","ocean_disable_margins":"enable","ocean_add_body_class":"","ocean_shortcode_before_top_bar":"","ocean_shortcode_after_top_bar":"","ocean_shortcode_before_header":"","ocean_shortcode_after_header":"","ocean_has_shortcode":"","ocean_shortcode_after_title":"","ocean_shortcode_before_footer_widgets":"","ocean_shortcode_after_footer_widgets":"","ocean_shortcode_before_footer_bottom":"","ocean_shortcode_after_footer_bottom":"","ocean_display_top_bar":"off","ocean_display_header":"default","ocean_header_style":"","ocean_center_header_left_menu":"0","ocean_custom_header_template":"0","ocean_custom_logo":0,"ocean_custom_retina_logo":0,"ocean_custom_logo_max_width":0,"ocean_custom_logo_tablet_max_width":0,"ocean_custom_logo_mobile_max_width":0,"ocean_custom_logo_max_height":0,"ocean_custom_logo_tablet_max_height":0,"ocean_custom_logo_mobile_max_height":0,"ocean_header_custom_menu":"0","ocean_menu_typo_font_family":"0","ocean_menu_typo_font_subset":"","ocean_menu_typo_font_size":0,"ocean_menu_typo_font_size_tablet":0,"ocean_menu_typo_font_size_mobile":0,"ocean_menu_typo_font_size_unit":"px","ocean_menu_typo_font_weight":"","ocean_menu_typo_font_weight_tablet":"","ocean_menu_typo_font_weight_mobile":"","ocean_menu_typo_transform":"","ocean_menu_typo_transform_tablet":"","ocean_menu_typo_transform_mobile":"","ocean_menu_typo_line_height":0,"ocean_menu_typo_line_height_tablet":0,"ocean_menu_typo_line_height_mobile":0,"ocean_menu_typo_line_height_unit":"","ocean_menu_typo_spacing":0,"ocean_menu_typo_spacing_tablet":0,"ocean_menu_typo_spacing_mobile":0,"ocean_menu_typo_spacing_unit":"","ocean_menu_link_color":"","ocean_menu_link_color_hover":"","ocean_menu_link_color_active":"","ocean_menu_link_background":"","ocean_menu_link_hover_background":"","ocean_menu_link_active_background":"","ocean_menu_social_links_bg":"","ocean_menu_social_hover_links_bg":"","ocean_menu_social_links_color":"","ocean_menu_social_hover_links_color":"","ocean_disable_title":"on","ocean_disable_heading":"default","ocean_post_title":"","ocean_post_subheading":"","ocean_post_title_style":"","ocean_post_title_background_color":"","ocean_post_title_background":0,"ocean_post_title_bg_image_position":"","ocean_post_title_bg_image_attachment":"","ocean_post_title_bg_image_repeat":"","ocean_post_title_bg_image_size":"","ocean_post_title_height":0,"ocean_post_title_bg_overlay":0.5,"ocean_post_title_bg_overlay_color":"","ocean_disable_breadcrumbs":"default","ocean_breadcrumbs_color":"","ocean_breadcrumbs_separator_color":"","ocean_breadcrumbs_links_color":"","ocean_breadcrumbs_links_hover_color":"","ocean_display_footer_widgets":"default","ocean_display_footer_bottom":"default","ocean_custom_footer_template":"0","footnotes":""},"class_list":["post-3729","page","type-page","status-publish","hentry","entry","has-media"],"acf":[],"yoast_head":"<!-- This site is optimized with the Yoast SEO plugin v28.3 - https:\/\/yoast.com\/product\/yoast-seo-wordpress\/ -->\n<title>Daje se na znanje - malopozoriste<\/title>\n<meta name=\"robots\" content=\"index, follow, max-snippet:-1, max-image-preview:large, max-video-preview:-1\" \/>\n<link rel=\"canonical\" href=\"https:\/\/malopozoriste.smashingpixel.net\/sr-latn\/daje-se-na-znanje\/\" \/>\n<meta property=\"og:locale\" content=\"en_US\" \/>\n<meta property=\"og:type\" content=\"article\" \/>\n<meta property=\"og:title\" content=\"Daje se na znanje - malopozoriste\" \/>\n<meta property=\"og:description\" content=\"Daje se na znanje!\" \/>\n<meta property=\"og:url\" content=\"https:\/\/malopozoriste.smashingpixel.net\/sr-latn\/daje-se-na-znanje\/\" \/>\n<meta property=\"og:site_name\" content=\"malopozoriste\" \/>\n<meta property=\"article:publisher\" content=\"https:\/\/www.facebook.com\/malopozoriste1948#\" \/>\n<meta property=\"article:modified_time\" content=\"2025-03-30T19:31:12+00:00\" \/>\n<meta name=\"twitter:card\" content=\"summary_large_image\" \/>\n<script type=\"application\/ld+json\" class=\"yoast-schema-graph\">{\"@context\":\"https:\\\/\\\/schema.org\",\"@graph\":[{\"@type\":\"WebPage\",\"@id\":\"https:\\\/\\\/malopozoriste.smashingpixel.net\\\/sr-latn\\\/daje-se-na-znanje\\\/\",\"url\":\"https:\\\/\\\/malopozoriste.smashingpixel.net\\\/sr-latn\\\/daje-se-na-znanje\\\/\",\"name\":\"Daje se na znanje - malopozoriste\",\"isPartOf\":{\"@id\":\"https:\\\/\\\/malopozoriste.smashingpixel.net\\\/#website\"},\"datePublished\":\"2024-05-15T13:23:34+00:00\",\"dateModified\":\"2025-03-30T19:31:12+00:00\",\"breadcrumb\":{\"@id\":\"https:\\\/\\\/malopozoriste.smashingpixel.net\\\/sr-latn\\\/daje-se-na-znanje\\\/#breadcrumb\"},\"inLanguage\":\"sr-latn\",\"potentialAction\":[{\"@type\":\"ReadAction\",\"target\":[\"https:\\\/\\\/malopozoriste.smashingpixel.net\\\/sr-latn\\\/daje-se-na-znanje\\\/\"]}]},{\"@type\":\"BreadcrumbList\",\"@id\":\"https:\\\/\\\/malopozoriste.smashingpixel.net\\\/sr-latn\\\/daje-se-na-znanje\\\/#breadcrumb\",\"itemListElement\":[{\"@type\":\"ListItem\",\"position\":1,\"name\":\"\u041f\u043e\u0447\u0435\u0442\u043d\u0430\",\"item\":\"https:\\\/\\\/malopozoriste.smashingpixel.net\\\/sr-latn\\\/home\\\/\"},{\"@type\":\"ListItem\",\"position\":2,\"name\":\"Daje se na znanje\"}]},{\"@type\":\"WebSite\",\"@id\":\"https:\\\/\\\/malopozoriste.smashingpixel.net\\\/#website\",\"url\":\"https:\\\/\\\/malopozoriste.smashingpixel.net\\\/\",\"name\":\"malopozoriste\",\"description\":\"\",\"publisher\":{\"@id\":\"https:\\\/\\\/malopozoriste.smashingpixel.net\\\/#organization\"},\"potentialAction\":[{\"@type\":\"SearchAction\",\"target\":{\"@type\":\"EntryPoint\",\"urlTemplate\":\"https:\\\/\\\/malopozoriste.smashingpixel.net\\\/?s={search_term_string}\"},\"query-input\":{\"@type\":\"PropertyValueSpecification\",\"valueRequired\":true,\"valueName\":\"search_term_string\"}}],\"inLanguage\":\"sr-latn\"},{\"@type\":\"Organization\",\"@id\":\"https:\\\/\\\/malopozoriste.smashingpixel.net\\\/#organization\",\"name\":\"\u041c\u0430\u043b\u043e \u043f\u043e\u0437\u043e\u0440\u0438\u0448\u0442\u0435 \u0414\u0443\u0448\u043a\u043e \u0420\u0430\u0434\u043e\u0432\u0438\u045b\",\"url\":\"https:\\\/\\\/malopozoriste.smashingpixel.net\\\/\",\"logo\":{\"@type\":\"ImageObject\",\"inLanguage\":\"sr-latn\",\"@id\":\"https:\\\/\\\/malopozoriste.smashingpixel.net\\\/#\\\/schema\\\/logo\\\/image\\\/\",\"url\":\"https:\\\/\\\/malopozoriste.smashingpixel.net\\\/wp-content\\\/uploads\\\/2024\\\/03\\\/malo_pozoriste_logo142x140.png\",\"contentUrl\":\"https:\\\/\\\/malopozoriste.smashingpixel.net\\\/wp-content\\\/uploads\\\/2024\\\/03\\\/malo_pozoriste_logo142x140.png\",\"width\":142,\"height\":140,\"caption\":\"\u041c\u0430\u043b\u043e \u043f\u043e\u0437\u043e\u0440\u0438\u0448\u0442\u0435 \u0414\u0443\u0448\u043a\u043e \u0420\u0430\u0434\u043e\u0432\u0438\u045b\"},\"image\":{\"@id\":\"https:\\\/\\\/malopozoriste.smashingpixel.net\\\/#\\\/schema\\\/logo\\\/image\\\/\"},\"sameAs\":[\"https:\\\/\\\/www.facebook.com\\\/malopozoriste1948#\"]}]}<\/script>\n<!-- \/ Yoast SEO plugin. -->","yoast_head_json":{"title":"Daje se na znanje - malopozoriste","robots":{"index":"index","follow":"follow","max-snippet":"max-snippet:-1","max-image-preview":"max-image-preview:large","max-video-preview":"max-video-preview:-1"},"canonical":"https:\/\/malopozoriste.smashingpixel.net\/sr-latn\/daje-se-na-znanje\/","og_locale":"en_US","og_type":"article","og_title":"Daje se na znanje - malopozoriste","og_description":"Daje se na znanje!","og_url":"https:\/\/malopozoriste.smashingpixel.net\/sr-latn\/daje-se-na-znanje\/","og_site_name":"malopozoriste","article_publisher":"https:\/\/www.facebook.com\/malopozoriste1948#","article_modified_time":"2025-03-30T19:31:12+00:00","twitter_card":"summary_large_image","schema":{"@context":"https:\/\/schema.org","@graph":[{"@type":"WebPage","@id":"https:\/\/malopozoriste.smashingpixel.net\/sr-latn\/daje-se-na-znanje\/","url":"https:\/\/malopozoriste.smashingpixel.net\/sr-latn\/daje-se-na-znanje\/","name":"Daje se na znanje - malopozoriste","isPartOf":{"@id":"https:\/\/malopozoriste.smashingpixel.net\/#website"},"datePublished":"2024-05-15T13:23:34+00:00","dateModified":"2025-03-30T19:31:12+00:00","breadcrumb":{"@id":"https:\/\/malopozoriste.smashingpixel.net\/sr-latn\/daje-se-na-znanje\/#breadcrumb"},"inLanguage":"sr-latn","potentialAction":[{"@type":"ReadAction","target":["https:\/\/malopozoriste.smashingpixel.net\/sr-latn\/daje-se-na-znanje\/"]}]},{"@type":"BreadcrumbList","@id":"https:\/\/malopozoriste.smashingpixel.net\/sr-latn\/daje-se-na-znanje\/#breadcrumb","itemListElement":[{"@type":"ListItem","position":1,"name":"\u041f\u043e\u0447\u0435\u0442\u043d\u0430","item":"https:\/\/malopozoriste.smashingpixel.net\/sr-latn\/home\/"},{"@type":"ListItem","position":2,"name":"Daje se na znanje"}]},{"@type":"WebSite","@id":"https:\/\/malopozoriste.smashingpixel.net\/#website","url":"https:\/\/malopozoriste.smashingpixel.net\/","name":"malopozoriste","description":"","publisher":{"@id":"https:\/\/malopozoriste.smashingpixel.net\/#organization"},"potentialAction":[{"@type":"SearchAction","target":{"@type":"EntryPoint","urlTemplate":"https:\/\/malopozoriste.smashingpixel.net\/?s={search_term_string}"},"query-input":{"@type":"PropertyValueSpecification","valueRequired":true,"valueName":"search_term_string"}}],"inLanguage":"sr-latn"},{"@type":"Organization","@id":"https:\/\/malopozoriste.smashingpixel.net\/#organization","name":"\u041c\u0430\u043b\u043e \u043f\u043e\u0437\u043e\u0440\u0438\u0448\u0442\u0435 \u0414\u0443\u0448\u043a\u043e \u0420\u0430\u0434\u043e\u0432\u0438\u045b","url":"https:\/\/malopozoriste.smashingpixel.net\/","logo":{"@type":"ImageObject","inLanguage":"sr-latn","@id":"https:\/\/malopozoriste.smashingpixel.net\/#\/schema\/logo\/image\/","url":"https:\/\/malopozoriste.smashingpixel.net\/wp-content\/uploads\/2024\/03\/malo_pozoriste_logo142x140.png","contentUrl":"https:\/\/malopozoriste.smashingpixel.net\/wp-content\/uploads\/2024\/03\/malo_pozoriste_logo142x140.png","width":142,"height":140,"caption":"\u041c\u0430\u043b\u043e \u043f\u043e\u0437\u043e\u0440\u0438\u0448\u0442\u0435 \u0414\u0443\u0448\u043a\u043e \u0420\u0430\u0434\u043e\u0432\u0438\u045b"},"image":{"@id":"https:\/\/malopozoriste.smashingpixel.net\/#\/schema\/logo\/image\/"},"sameAs":["https:\/\/www.facebook.com\/malopozoriste1948#"]}]}},"_links":{"self":[{"href":"https:\/\/malopozoriste.smashingpixel.net\/sr-latn\/wp-json\/wp\/v2\/pages\/3729","targetHints":{"allow":["GET"]}}],"collection":[{"href":"https:\/\/malopozoriste.smashingpixel.net\/sr-latn\/wp-json\/wp\/v2\/pages"}],"about":[{"href":"https:\/\/malopozoriste.smashingpixel.net\/sr-latn\/wp-json\/wp\/v2\/types\/page"}],"author":[{"embeddable":true,"href":"https:\/\/malopozoriste.smashingpixel.net\/sr-latn\/wp-json\/wp\/v2\/users\/5"}],"replies":[{"embeddable":true,"href":"https:\/\/malopozoriste.smashingpixel.net\/sr-latn\/wp-json\/wp\/v2\/comments?post=3729"}],"version-history":[{"count":0,"href":"https:\/\/malopozoriste.smashingpixel.net\/sr-latn\/wp-json\/wp\/v2\/pages\/3729\/revisions"}],"wp:attachment":[{"href":"https:\/\/malopozoriste.smashingpixel.net\/sr-latn\/wp-json\/wp\/v2\/media?parent=3729"}],"curies":[{"name":"wp","href":"https:\/\/api.w.org\/{rel}","templated":true}]}}